{"id":9,"date":"2023-09-06T21:54:37","date_gmt":"2023-09-06T19:54:37","guid":{"rendered":"https:\/\/www.redemokracia.sk\/volby-2023\/?page_id=9"},"modified":"2023-09-11T00:00:33","modified_gmt":"2023-09-10T22:00:33","slug":"parlamentne-volby","status":"publish","type":"page","link":"https:\/\/www.redemokracia.sk\/volby-2023\/","title":{"rendered":"Vo\u013eby 2023"},"content":{"rendered":"\t\t<div data-elementor-type=\"wp-page\" data-elementor-id=\"9\" class=\"elementor elementor-9\">\n\t\t\t\t\t\t\t\t\t<section class=\"elementor-section elementor-top-section elementor-element elementor-element-c56fbcd elementor-section-stretched elementor-section-boxed elementor-section-height-default elementor-section-height-default\" data-id=\"c56fbcd\" data-element_type=\"section\" data-settings=\"{&quot;stretch_section&quot;:&quot;section-stretched&quot;,&quot;background_background&quot;:&quot;classic&quot;}\">\n\t\t\t\t\t\t<div class=\"elementor-container elementor-column-gap-default\">\n\t\t\t\t\t<div class=\"aux-parallax-section elementor-column elementor-col-100 elementor-top-column elementor-element elementor-element-3a3cb65\" data-id=\"3a3cb65\" data-element_type=\"column\">\n\t\t\t<div class=\"elementor-widget-wrap elementor-element-populated\">\n\t\t\t\t\t\t\t\t<section class=\"elementor-section elementor-inner-section elementor-element elementor-element-70ab1c2 elementor-section-boxed elementor-section-height-default elementor-section-height-default\" data-id=\"70ab1c2\" data-element_type=\"section\">\n\t\t\t\t\t\t<div class=\"elementor-container elementor-column-gap-default\">\n\t\t\t\t\t<div class=\"aux-parallax-section elementor-column elementor-col-50 elementor-inner-column elementor-element elementor-element-9fe7586\" data-id=\"9fe7586\" data-element_type=\"column\">\n\t\t\t<div class=\"elementor-widget-wrap\">\n\t\t\t\t\t\t\t\t\t<\/div>\n\t\t<\/div>\n\t\t\t\t<div class=\"aux-parallax-section elementor-column elementor-col-50 elementor-inner-column elementor-element elementor-element-0c2539c\" data-id=\"0c2539c\" data-element_type=\"column\">\n\t\t\t<div class=\"elementor-widget-wrap elementor-element-populated\">\n\t\t\t\t\t\t\t\t<div class=\"elementor-element elementor-element-dcfa939 elementor-widget elementor-widget-aux_search_box\" data-id=\"dcfa939\" data-element_type=\"widget\" data-widget_type=\"aux_search_box.default\">\n\t\t\t\t<div class=\"elementor-widget-container\">\n\t\t\t    <div  class=\"aux-search-section aux-search-elementor-element\">\n            <button class=\"aux-search-icon  auxicon-search-4 aux-overlay-search \"><\/button>\n            <\/div>\n\n\t\t<\/div>\n\t\t\t\t<\/div>\n\t\t\t\t\t<\/div>\n\t\t<\/div>\n\t\t\t\t\t\t\t<\/div>\n\t\t<\/section>\n\t\t\t\t<div class=\"elementor-element elementor-element-167382b elementor-widget elementor-widget-spacer\" data-id=\"167382b\" data-element_type=\"widget\" data-widget_type=\"spacer.default\">\n\t\t\t\t<div class=\"elementor-widget-container\">\n\t\t\t<style>\/*! elementor - v3.15.0 - 20-08-2023 *\/\n.elementor-column .elementor-spacer-inner{height:var(--spacer-size)}.e-con{--container-widget-width:100%}.e-con-inner>.elementor-widget-spacer,.e-con>.elementor-widget-spacer{width:var(--container-widget-width,var(--spacer-size));--align-self:var(--container-widget-align-self,initial);--flex-shrink:0}.e-con-inner>.elementor-widget-spacer>.elementor-widget-container,.e-con-inner>.elementor-widget-spacer>.elementor-widget-container>.elementor-spacer,.e-con>.elementor-widget-spacer>.elementor-widget-container,.e-con>.elementor-widget-spacer>.elementor-widget-container>.elementor-spacer{height:100%}.e-con-inner>.elementor-widget-spacer>.elementor-widget-container>.elementor-spacer>.elementor-spacer-inner,.e-con>.elementor-widget-spacer>.elementor-widget-container>.elementor-spacer>.elementor-spacer-inner{height:var(--container-widget-height,var(--spacer-size))}<\/style>\t\t<div class=\"elementor-spacer\">\n\t\t\t<div class=\"elementor-spacer-inner\"><\/div>\n\t\t<\/div>\n\t\t\t\t<\/div>\n\t\t\t\t<\/div>\n\t\t\t\t<div class=\"elementor-element elementor-element-89a1ec9 elementor-widget elementor-widget-spacer\" data-id=\"89a1ec9\" data-element_type=\"widget\" data-widget_type=\"spacer.default\">\n\t\t\t\t<div class=\"elementor-widget-container\">\n\t\t\t\t\t<div class=\"elementor-spacer\">\n\t\t\t<div class=\"elementor-spacer-inner\"><\/div>\n\t\t<\/div>\n\t\t\t\t<\/div>\n\t\t\t\t<\/div>\n\t\t\t\t\t<\/div>\n\t\t<\/div>\n\t\t\t\t\t\t\t<\/div>\n\t\t<\/section>\n\t\t\t\t<section class=\"elementor-section elementor-top-section elementor-element elementor-element-25aa365b elementor-section-boxed elementor-section-height-default elementor-section-height-default\" data-id=\"25aa365b\" data-element_type=\"section\">\n\t\t\t\t\t\t<div class=\"elementor-container elementor-column-gap-default\">\n\t\t\t\t\t<div class=\"aux-parallax-section elementor-column elementor-col-100 elementor-top-column elementor-element elementor-element-1af8334d\" data-id=\"1af8334d\" data-element_type=\"column\">\n\t\t\t<div class=\"elementor-widget-wrap elementor-element-populated\">\n\t\t\t\t\t\t\t\t<div class=\"elementor-element elementor-element-e908be3 elementor-widget elementor-widget-text-editor\" data-id=\"e908be3\" data-element_type=\"widget\" data-widget_type=\"text-editor.default\">\n\t\t\t\t<div class=\"elementor-widget-container\">\n\t\t\t<style>\/*! elementor - v3.15.0 - 20-08-2023 *\/\n.elementor-widget-text-editor.elementor-drop-cap-view-stacked .elementor-drop-cap{background-color:#69727d;color:#fff}.elementor-widget-text-editor.elementor-drop-cap-view-framed .elementor-drop-cap{color:#69727d;border:3px solid;background-color:transparent}.elementor-widget-text-editor:not(.elementor-drop-cap-view-default) .elementor-drop-cap{margin-top:8px}.elementor-widget-text-editor:not(.elementor-drop-cap-view-default) .elementor-drop-cap-letter{width:1em;height:1em}.elementor-widget-text-editor .elementor-drop-cap{float:left;text-align:center;line-height:1;font-size:50px}.elementor-widget-text-editor .elementor-drop-cap-letter{display:inline-block}<\/style>\t\t\t\t\t\t\t\t\t\t<\/div>\n\t\t\t\t<\/div>\n\t\t\t\t<div class=\"elementor-element elementor-element-cb971b0 elementor-widget elementor-widget-text-editor\" data-id=\"cb971b0\" data-element_type=\"widget\" data-widget_type=\"text-editor.default\">\n\t\t\t\t<div class=\"elementor-widget-container\">\n\t\t\t\t\t\t\t<p><strong>Preh\u013ead kandiduj\u00facich str\u00e1n a hnut\u00ed v Pred\u010dasn\u00fdch <\/strong><strong>parlamentn\u00fdch vo\u013eb\u00e1ch\u00a0<\/strong><br \/><strong>do N\u00e1rodnej rady Slovenskej republiky 30. septembra 2023<\/strong><\/p>\t\t\t\t\t\t<\/div>\n\t\t\t\t<\/div>\n\t\t\t\t<div class=\"elementor-element elementor-element-f251311 elementor-widget elementor-widget-text-editor\" data-id=\"f251311\" data-element_type=\"widget\" data-widget_type=\"text-editor.default\">\n\t\t\t\t<div class=\"elementor-widget-container\">\n\t\t\t\t\t\t\t<h4>#rovnostsanci<\/h4>\t\t\t\t\t\t<\/div>\n\t\t\t\t<\/div>\n\t\t\t\t\t<\/div>\n\t\t<\/div>\n\t\t\t\t\t\t\t<\/div>\n\t\t<\/section>\n\t\t\t\t<section class=\"elementor-section elementor-top-section elementor-element elementor-element-4129a87 elementor-section-boxed elementor-section-height-default elementor-section-height-default\" data-id=\"4129a87\" data-element_type=\"section\">\n\t\t\t\t\t\t<div class=\"elementor-container elementor-column-gap-default\">\n\t\t\t\t\t<div class=\"aux-parallax-section elementor-column elementor-col-20 elementor-top-column elementor-element elementor-element-e2eb463\" data-id=\"e2eb463\" data-element_type=\"column\">\n\t\t\t<div class=\"elementor-widget-wrap\">\n\t\t\t\t\t\t\t\t\t<\/div>\n\t\t<\/div>\n\t\t\t\t<div class=\"aux-parallax-section elementor-column elementor-col-20 elementor-top-column elementor-element elementor-element-5e8fb47\" data-id=\"5e8fb47\" data-element_type=\"column\">\n\t\t\t<div class=\"elementor-widget-wrap\">\n\t\t\t\t\t\t\t\t\t<\/div>\n\t\t<\/div>\n\t\t\t\t<div class=\"aux-parallax-section elementor-column elementor-col-20 elementor-top-column elementor-element elementor-element-938c647\" data-id=\"938c647\" data-element_type=\"column\">\n\t\t\t<div class=\"elementor-widget-wrap\">\n\t\t\t\t\t\t\t\t\t<\/div>\n\t\t<\/div>\n\t\t\t\t<div class=\"aux-parallax-section elementor-column elementor-col-20 elementor-top-column elementor-element elementor-element-8565f39\" data-id=\"8565f39\" data-element_type=\"column\">\n\t\t\t<div class=\"elementor-widget-wrap\">\n\t\t\t\t\t\t\t\t\t<\/div>\n\t\t<\/div>\n\t\t\t\t<div class=\"aux-parallax-section elementor-column elementor-col-20 elementor-top-column elementor-element elementor-element-de3170a\" data-id=\"de3170a\" data-element_type=\"column\">\n\t\t\t<div class=\"elementor-widget-wrap\">\n\t\t\t\t\t\t\t\t\t<\/div>\n\t\t<\/div>\n\t\t\t\t\t\t\t<\/div>\n\t\t<\/section>\n\t\t\t\t<section class=\"elementor-section elementor-top-section elementor-element elementor-element-b18940e elementor-section-boxed elementor-section-height-default elementor-section-height-default\" data-id=\"b18940e\" data-element_type=\"section\">\n\t\t\t\t\t\t<div class=\"elementor-container elementor-column-gap-default\">\n\t\t\t\t\t<div class=\"aux-parallax-section elementor-column elementor-col-100 elementor-top-column elementor-element elementor-element-cc19ee5\" data-id=\"cc19ee5\" data-element_type=\"column\">\n\t\t\t<div class=\"elementor-widget-wrap elementor-element-populated\">\n\t\t\t\t\t\t\t\t<div class=\"elementor-element elementor-element-ab37db7 elementor-widget elementor-widget-spacer\" data-id=\"ab37db7\" data-element_type=\"widget\" data-widget_type=\"spacer.default\">\n\t\t\t\t<div class=\"elementor-widget-container\">\n\t\t\t\t\t<div class=\"elementor-spacer\">\n\t\t\t<div class=\"elementor-spacer-inner\"><\/div>\n\t\t<\/div>\n\t\t\t\t<\/div>\n\t\t\t\t<\/div>\n\t\t\t\t<div class=\"elementor-element elementor-element-fb350ba elementor-widget elementor-widget-aux_recent_posts\" data-id=\"fb350ba\" data-element_type=\"widget\" data-settings=\"{&quot;columns_tablet&quot;:&quot;2&quot;,&quot;columns&quot;:&quot;4&quot;,&quot;columns_mobile&quot;:&quot;1&quot;}\" data-widget_type=\"aux_recent_posts.default\">\n\t\t\t\t<div class=\"elementor-widget-container\">\n\t\t\t<section class=\"widget-container aux-widget-recent-posts aux-parent-au0b424dc5\"><div data-element-id=\"au0b424dc5\" class=\"aux-match-height aux-row aux-de-col4 aux-tb-col2 aux-mb-col1 aux-total-25 aux-entry-boxed aux-no-meta aux-ajax-view  \"><div class=\"aux-col post-76\">\n                        <article class=\"post column-entry post-76 type-post status-publish format-standard has-post-thumbnail hentry category-liberalne category-politicke-strany category-stredo-prave tag-digitalizacia tag-korupcia tag-spravodlivost\">\n                                                        <div class=\"entry-media\"><div class=\"aux-media-frame aux-media-image aux-image-mask\"><a href=\"https:\/\/www.redemokracia.sk\/volby-2023\/piratska-strana-slovensko\/\"><img decoding=\"async\" src=\"https:\/\/www.redemokracia.sk\/volby-2023\/wp-content\/uploads\/2023\/09\/Volby-2023-piratska-strana-slovenska-pirati--320x179.jpg\" class=\"aux-attachment aux-featured-image attachment-320x179.2 aux-attachment-id-727 \" alt=\"Volby-2023-piratska-strana-slovenska-pirati--\" srcset=\"https:\/\/www.redemokracia.sk\/volby-2023\/wp-content\/uploads\/2023\/09\/Volby-2023-piratska-strana-slovenska-pirati--150x84.jpg 150w,https:\/\/www.redemokracia.sk\/volby-2023\/wp-content\/uploads\/2023\/09\/Volby-2023-piratska-strana-slovenska-pirati--300x168.jpg 300w,https:\/\/www.redemokracia.sk\/volby-2023\/wp-content\/uploads\/2023\/09\/Volby-2023-piratska-strana-slovenska-pirati--768x430.jpg 768w,https:\/\/www.redemokracia.sk\/volby-2023\/wp-content\/uploads\/2023\/09\/Volby-2023-piratska-strana-slovenska-pirati--1024x573.jpg 1024w,https:\/\/www.redemokracia.sk\/volby-2023\/wp-content\/uploads\/2023\/09\/Volby-2023-piratska-strana-slovenska-pirati--320x179.jpg 320w,https:\/\/www.redemokracia.sk\/volby-2023\/wp-content\/uploads\/2023\/09\/Volby-2023-piratska-strana-slovenska-pirati--1282x717.jpg 1282w\" data-ratio=\"1.79\" data-original-w=\"1292\" sizes=\"(max-width:479px) 480px,(max-width:767px) 768px,(max-width:1023px) 1024px,320px\" \/><\/a><\/div><\/div>\n                            \n                            <div class=\"entry-main\">\n                                                        \n                                <header class=\"entry-header\">\n                                \n                                    <h4 class=\"entry-title\">\n                                        <a href=\"https:\/\/www.redemokracia.sk\/volby-2023\/piratska-strana-slovensko\/\">\n                                            Pir\u00e1tska strana &#8211; Slovensko                                        <\/a>\n                                    <\/h4>\n                                                                    <div class=\"entry-format\">\n                                        <a href=\"https:\/\/www.redemokracia.sk\/volby-2023\/piratska-strana-slovensko\/\">\n                                            <div class=\"post-format format-\"> <\/div>\n                                        <\/a>\n                                    <\/div>\n                                <\/header>\n                                                            \n                                <div class=\"entry-info\">\n                                                                                                                                    <span class=\"entry-tax aux-no-sep\">\n                                        <a href=\"https:\/\/www.redemokracia.sk\/volby-2023\/category\/stredo-prave\/liberalne\/\" title=\"View all posts in liber\u00e1lne\" rel=\"category\" >liber\u00e1lne<\/a>                                    <\/span>\n                                                                                                                                            <\/div>\n                            \n                                                            <div class=\"entry-content\">\n                                                                            <p>\n| Pir\u00e1ti | \n\n\n\nVolebn\u00e9 \u010d\u00edslo 1&nbsp;\n\n\n\nPo\u010det kandid\u00e1tov: 60\n\n\n\n\n\n\n\n\nDepolitiz\u00e1ciu m\u00e1me v programe a urob\u00edme to!\n\n\n\n1. Znemo\u017en\u00edme politikom dosadzovanie svojic ...<\/p><div class=\"clear\"><\/div>                                <\/div>\n                                                        \n                            <\/div>\n\n                        <\/article>\n<\/div><div class=\"aux-col post-85\">\n                        <article class=\"post column-entry post-85 type-post status-publish format-standard has-post-thumbnail hentry category-demokraticke category-politicke-hnutia category-stredo-prave tag-ekonomika tag-hospodarstvo tag-narodnostne-mensiny tag-spravodlivost tag-vzdelavanie tag-zdravotnictvo\">\n                                                        <div class=\"entry-media\"><div class=\"aux-media-frame aux-media-image aux-image-mask\"><a href=\"https:\/\/www.redemokracia.sk\/volby-2023\/princip\/\"><img decoding=\"async\" src=\"https:\/\/www.redemokracia.sk\/volby-2023\/wp-content\/uploads\/2023\/09\/Volby-2023-princip--320x179.jpg\" class=\"aux-attachment aux-featured-image attachment-320x179.2 aux-attachment-id-728 \" alt=\"Volby-2023-princip--\" srcset=\"https:\/\/www.redemokracia.sk\/volby-2023\/wp-content\/uploads\/2023\/09\/Volby-2023-princip--150x84.jpg 150w,https:\/\/www.redemokracia.sk\/volby-2023\/wp-content\/uploads\/2023\/09\/Volby-2023-princip--300x168.jpg 300w,https:\/\/www.redemokracia.sk\/volby-2023\/wp-content\/uploads\/2023\/09\/Volby-2023-princip--768x430.jpg 768w,https:\/\/www.redemokracia.sk\/volby-2023\/wp-content\/uploads\/2023\/09\/Volby-2023-princip--1024x573.jpg 1024w,https:\/\/www.redemokracia.sk\/volby-2023\/wp-content\/uploads\/2023\/09\/Volby-2023-princip--320x179.jpg 320w,https:\/\/www.redemokracia.sk\/volby-2023\/wp-content\/uploads\/2023\/09\/Volby-2023-princip--1282x717.jpg 1282w\" data-ratio=\"1.79\" data-original-w=\"1292\" sizes=\"(max-width:479px) 480px,(max-width:767px) 768px,(max-width:1023px) 1024px,320px\" \/><\/a><\/div><\/div>\n                            \n                            <div class=\"entry-main\">\n                                                        \n                                <header class=\"entry-header\">\n                                \n                                    <h4 class=\"entry-title\">\n                                        <a href=\"https:\/\/www.redemokracia.sk\/volby-2023\/princip\/\">\n                                            PRINC\u00cdP                                        <\/a>\n                                    <\/h4>\n                                                                    <div class=\"entry-format\">\n                                        <a href=\"https:\/\/www.redemokracia.sk\/volby-2023\/princip\/\">\n                                            <div class=\"post-format format-\"> <\/div>\n                                        <\/a>\n                                    <\/div>\n                                <\/header>\n                                                            \n                                <div class=\"entry-info\">\n                                                                                                                                    <span class=\"entry-tax aux-no-sep\">\n                                        <a href=\"https:\/\/www.redemokracia.sk\/volby-2023\/category\/stredo-prave\/demokraticke\/\" title=\"View all posts in demokratick\u00e9\" rel=\"category\" >demokratick\u00e9<\/a>                                    <\/span>\n                                                                                                                                            <\/div>\n                            \n                                                            <div class=\"entry-content\">\n                                                                            <p>\nVolebn\u00e9 \u010d\u00edslo 2&nbsp;\n\n\n\nPo\u010det kandid\u00e1tov: 70\n\n\n\n\n\n\n\n\nOchrana a posilnenie z\u00e1kladn\u00fdch \u013eudsk\u00fdch pr\u00e1v a demokratick\u00fdch hodn\u00f4t,&nbsp;\n\n\n\nPodpora rozvoja b\u00fdvania a ...<\/p><div class=\"clear\"><\/div>                                <\/div>\n                                                        \n                            <\/div>\n\n                        <\/article>\n<\/div><div class=\"aux-col post-88\">\n                        <article class=\"post column-entry post-88 type-post status-publish format-standard has-post-thumbnail hentry category-demokraticke category-liberalne category-pokrokove category-politicke-hnutia category-stredo-prave tag-ekonomika tag-energetika tag-hospodarstvo tag-podpora-lgbti tag-rodina-a-seniori tag-vzdelavanie tag-zdravotnictvo\">\n                                                        <div class=\"entry-media\"><div class=\"aux-media-frame aux-media-image aux-image-mask\"><a href=\"https:\/\/www.redemokracia.sk\/volby-2023\/progresivne-slovensko\/\"><img decoding=\"async\" src=\"https:\/\/www.redemokracia.sk\/volby-2023\/wp-content\/uploads\/2023\/09\/Volby-2023-progresivne-slovensko-ps--320x179.jpg\" class=\"aux-attachment aux-featured-image attachment-320x179.2 aux-attachment-id-729 \" alt=\"Volby-2023-progresivne-slovensko-ps--\" srcset=\"https:\/\/www.redemokracia.sk\/volby-2023\/wp-content\/uploads\/2023\/09\/Volby-2023-progresivne-slovensko-ps--150x84.jpg 150w,https:\/\/www.redemokracia.sk\/volby-2023\/wp-content\/uploads\/2023\/09\/Volby-2023-progresivne-slovensko-ps--300x168.jpg 300w,https:\/\/www.redemokracia.sk\/volby-2023\/wp-content\/uploads\/2023\/09\/Volby-2023-progresivne-slovensko-ps--768x430.jpg 768w,https:\/\/www.redemokracia.sk\/volby-2023\/wp-content\/uploads\/2023\/09\/Volby-2023-progresivne-slovensko-ps--1024x573.jpg 1024w,https:\/\/www.redemokracia.sk\/volby-2023\/wp-content\/uploads\/2023\/09\/Volby-2023-progresivne-slovensko-ps--320x179.jpg 320w,https:\/\/www.redemokracia.sk\/volby-2023\/wp-content\/uploads\/2023\/09\/Volby-2023-progresivne-slovensko-ps--1282x717.jpg 1282w\" data-ratio=\"1.79\" data-original-w=\"1292\" sizes=\"(max-width:479px) 480px,(max-width:767px) 768px,(max-width:1023px) 1024px,320px\" \/><\/a><\/div><\/div>\n                            \n                            <div class=\"entry-main\">\n                                                        \n                                <header class=\"entry-header\">\n                                \n                                    <h4 class=\"entry-title\">\n                                        <a href=\"https:\/\/www.redemokracia.sk\/volby-2023\/progresivne-slovensko\/\">\n                                            Progres\u00edvne Slovensko                                        <\/a>\n                                    <\/h4>\n                                                                    <div class=\"entry-format\">\n                                        <a href=\"https:\/\/www.redemokracia.sk\/volby-2023\/progresivne-slovensko\/\">\n                                            <div class=\"post-format format-\"> <\/div>\n                                        <\/a>\n                                    <\/div>\n                                <\/header>\n                                                            \n                                <div class=\"entry-info\">\n                                                                                                                                    <span class=\"entry-tax aux-no-sep\">\n                                        <a href=\"https:\/\/www.redemokracia.sk\/volby-2023\/category\/stredo-prave\/demokraticke\/\" title=\"View all posts in demokratick\u00e9\" rel=\"category\" >demokratick\u00e9<\/a>                                    <\/span>\n                                                                                                                                            <\/div>\n                            \n                                                            <div class=\"entry-content\">\n                                                                            <p>\n| PS | \n\n\n\nVolebn\u00e9 \u010d\u00edslo 3&nbsp;\n\n\n\nPo\u010det kandid\u00e1tov: 150\n\n\n\n\n\n\n\nPolitika na Slovensku sa d\u00e1 robi\u0165 inak. Odborne, slu\u0161ne, norm\u00e1lne. M\u00f4\u017eeme ukon\u010di\u0165 spory a chao ...<\/p><div class=\"clear\"><\/div>                                <\/div>\n                                                        \n                            <\/div>\n\n                        <\/article>\n<\/div><div class=\"aux-col post-90\">\n                        <article class=\"post column-entry post-90 type-post status-publish format-standard has-post-thumbnail hentry category-konzervativne category-narodnostne category-politicke-strany category-pravicove category-vlastenecke tag-ekonomika tag-hospodarstvo tag-odmietnutie-lgbti tag-rodina-a-seniori tag-vzdelavanie tag-zdravotnictvo tag-zivotne-prostredie tag-zmena-zahranicnej-politiky\">\n                                                        <div class=\"entry-media\"><div class=\"aux-media-frame aux-media-image aux-image-mask\"><a href=\"https:\/\/www.redemokracia.sk\/volby-2023\/sos\/\"><img decoding=\"async\" src=\"https:\/\/www.redemokracia.sk\/volby-2023\/wp-content\/uploads\/2023\/09\/Volby-2023-spolocne-obcania-slovenska-sos--320x179.jpg\" class=\"aux-attachment aux-featured-image attachment-320x179.2 aux-attachment-id-736 \" alt=\"Volby-2023-spolocne-obcania-slovenska-sos--\" srcset=\"https:\/\/www.redemokracia.sk\/volby-2023\/wp-content\/uploads\/2023\/09\/Volby-2023-spolocne-obcania-slovenska-sos--150x84.jpg 150w,https:\/\/www.redemokracia.sk\/volby-2023\/wp-content\/uploads\/2023\/09\/Volby-2023-spolocne-obcania-slovenska-sos--300x168.jpg 300w,https:\/\/www.redemokracia.sk\/volby-2023\/wp-content\/uploads\/2023\/09\/Volby-2023-spolocne-obcania-slovenska-sos--768x430.jpg 768w,https:\/\/www.redemokracia.sk\/volby-2023\/wp-content\/uploads\/2023\/09\/Volby-2023-spolocne-obcania-slovenska-sos--1024x573.jpg 1024w,https:\/\/www.redemokracia.sk\/volby-2023\/wp-content\/uploads\/2023\/09\/Volby-2023-spolocne-obcania-slovenska-sos--320x179.jpg 320w,https:\/\/www.redemokracia.sk\/volby-2023\/wp-content\/uploads\/2023\/09\/Volby-2023-spolocne-obcania-slovenska-sos--1282x717.jpg 1282w\" data-ratio=\"1.79\" data-original-w=\"1292\" sizes=\"(max-width:479px) 480px,(max-width:767px) 768px,(max-width:1023px) 1024px,320px\" \/><\/a><\/div><\/div>\n                            \n                            <div class=\"entry-main\">\n                                                        \n                                <header class=\"entry-header\">\n                                \n                                    <h4 class=\"entry-title\">\n                                        <a href=\"https:\/\/www.redemokracia.sk\/volby-2023\/sos\/\">\n                                            SPOLO\u010cNE OB\u010cANIA SLOVENSKA                                        <\/a>\n                                    <\/h4>\n                                                                    <div class=\"entry-format\">\n                                        <a href=\"https:\/\/www.redemokracia.sk\/volby-2023\/sos\/\">\n                                            <div class=\"post-format format-\"> <\/div>\n                                        <\/a>\n                                    <\/div>\n                                <\/header>\n                                                            \n                                <div class=\"entry-info\">\n                                                                                                                                    <span class=\"entry-tax aux-no-sep\">\n                                        <a href=\"https:\/\/www.redemokracia.sk\/volby-2023\/category\/pravicove\/konzervativne\/\" title=\"View all posts in konzervat\u00edvne\" rel=\"category\" >konzervat\u00edvne<\/a>                                    <\/span>\n                                                                                                                                            <\/div>\n                            \n                                                            <div class=\"entry-content\">\n                                                                            <p>\n| SOS&nbsp;| \n\n\n\nVolebn\u00e9 \u010d\u00edslo 4&nbsp;\n\n\n\nPo\u010det kandid\u00e1tov: 148\n\n\n\n\n\n\n\nStojte za t\u00fdm, v \u010do ver\u00edte\n\n\n\nSlov\u00e1ci nem\u00f4\u017eu zab\u00fada\u0165 na z\u00e1pas na\u0161ich predkov o n\u00e1rodn\u00e9 s ...<\/p><div class=\"clear\"><\/div>                                <\/div>\n                                                        \n                            <\/div>\n\n                        <\/article>\n<\/div><div class=\"aux-col post-93\">\n                        <article class=\"post column-entry post-93 type-post status-publish format-standard has-post-thumbnail hentry category-demokraticke category-liberalne category-nabozenske category-politicke-hnutia category-politicke-strany category-stredo-prave tag-ekonomika tag-hospodarstvo tag-korupcia tag-odmietnutie-lgbti tag-rodina-a-seniori tag-spravodlivost tag-vzdelavanie tag-zdravotnictvo tag-zivotne-prostredie\">\n                                                        <div class=\"entry-media\"><div class=\"aux-media-frame aux-media-image aux-image-mask\"><a href=\"https:\/\/www.redemokracia.sk\/volby-2023\/olano-a-priatelia\/\"><img decoding=\"async\" src=\"https:\/\/www.redemokracia.sk\/volby-2023\/wp-content\/uploads\/2023\/09\/Volby-2023-olano-a-priatelia--320x179.jpg\" class=\"aux-attachment aux-featured-image attachment-320x179.2 aux-attachment-id-726 \" alt=\"Volby-2023-olano-a-priatelia--\" srcset=\"https:\/\/www.redemokracia.sk\/volby-2023\/wp-content\/uploads\/2023\/09\/Volby-2023-olano-a-priatelia--150x84.jpg 150w,https:\/\/www.redemokracia.sk\/volby-2023\/wp-content\/uploads\/2023\/09\/Volby-2023-olano-a-priatelia--300x168.jpg 300w,https:\/\/www.redemokracia.sk\/volby-2023\/wp-content\/uploads\/2023\/09\/Volby-2023-olano-a-priatelia--768x430.jpg 768w,https:\/\/www.redemokracia.sk\/volby-2023\/wp-content\/uploads\/2023\/09\/Volby-2023-olano-a-priatelia--1024x573.jpg 1024w,https:\/\/www.redemokracia.sk\/volby-2023\/wp-content\/uploads\/2023\/09\/Volby-2023-olano-a-priatelia--320x179.jpg 320w,https:\/\/www.redemokracia.sk\/volby-2023\/wp-content\/uploads\/2023\/09\/Volby-2023-olano-a-priatelia--1282x717.jpg 1282w\" data-ratio=\"1.79\" data-original-w=\"1292\" sizes=\"(max-width:479px) 480px,(max-width:767px) 768px,(max-width:1023px) 1024px,320px\" \/><\/a><\/div><\/div>\n                            \n                            <div class=\"entry-main\">\n                                                        \n                                <header class=\"entry-header\">\n                                \n                                    <h4 class=\"entry-title\">\n                                        <a href=\"https:\/\/www.redemokracia.sk\/volby-2023\/olano-a-priatelia\/\">\n                                            O\u013dANO A PRIATELIA: OBY\u010cAJN\u00cd \u013dUDIA, NEZ\u00c1VISL\u00cd KANDID\u00c1TI, NOVA, SLOBODN\u00cd A ZODPOVEDN\u00cd, PA\u010cIVALE ROMA, MAGYAR SZ\u00cdVEK, Kres\u0165ansk\u00e1 \u00fania a ZA \u013dUD\u00cd                                        <\/a>\n                                    <\/h4>\n                                                                    <div class=\"entry-format\">\n                                        <a href=\"https:\/\/www.redemokracia.sk\/volby-2023\/olano-a-priatelia\/\">\n                                            <div class=\"post-format format-\"> <\/div>\n                                        <\/a>\n                                    <\/div>\n                                <\/header>\n                                                            \n                                <div class=\"entry-info\">\n                                                                                                                                    <span class=\"entry-tax aux-no-sep\">\n                                        <a href=\"https:\/\/www.redemokracia.sk\/volby-2023\/category\/stredo-prave\/demokraticke\/\" title=\"View all posts in demokratick\u00e9\" rel=\"category\" >demokratick\u00e9<\/a>                                    <\/span>\n                                                                                                                                            <\/div>\n                            \n                                                            <div class=\"entry-content\">\n                                                                            <p>\nVolebn\u00e9 \u010d\u00edslo 5&nbsp;\n\n\n\nPo\u010det kandid\u00e1tov: 150\n\n\n\n\n\n\n\nOdv\u00e1\u017ene u\u017e 12 rokov\n\n\n\nPoctiv\u00e9 protikorup\u010dn\u00e9 hnutie s cie\u013eom porazi\u0165 skorumpovan\u00fdch politikov a ich polit ...<\/p><div class=\"clear\"><\/div>                                <\/div>\n                                                        \n                            <\/div>\n\n                        <\/article>\n<\/div><div class=\"aux-col post-97\">\n                        <article class=\"post column-entry post-97 type-post status-publish format-standard has-post-thumbnail hentry category-komunisticke category-lavicove category-politicke-strany tag-ekonomika tag-hospodarstvo tag-rodina-a-seniori tag-spravodlivost tag-vzdelavanie tag-zdravotnictvo tag-zivotne-prostredie\">\n                                                        <div class=\"entry-media\"><div class=\"aux-media-frame aux-media-image aux-image-mask\"><a href=\"https:\/\/www.redemokracia.sk\/volby-2023\/kss\/\"><img decoding=\"async\" src=\"https:\/\/www.redemokracia.sk\/volby-2023\/wp-content\/uploads\/2023\/09\/Volby-2023-komunisticka-strana-slovenska-kss--320x179.jpg\" class=\"aux-attachment aux-featured-image attachment-320x179.2 aux-attachment-id-720 \" alt=\"Volby-2023-komunisticka-strana-slovenska-kss--\" srcset=\"https:\/\/www.redemokracia.sk\/volby-2023\/wp-content\/uploads\/2023\/09\/Volby-2023-komunisticka-strana-slovenska-kss--150x84.jpg 150w,https:\/\/www.redemokracia.sk\/volby-2023\/wp-content\/uploads\/2023\/09\/Volby-2023-komunisticka-strana-slovenska-kss--300x168.jpg 300w,https:\/\/www.redemokracia.sk\/volby-2023\/wp-content\/uploads\/2023\/09\/Volby-2023-komunisticka-strana-slovenska-kss--768x430.jpg 768w,https:\/\/www.redemokracia.sk\/volby-2023\/wp-content\/uploads\/2023\/09\/Volby-2023-komunisticka-strana-slovenska-kss--1024x573.jpg 1024w,https:\/\/www.redemokracia.sk\/volby-2023\/wp-content\/uploads\/2023\/09\/Volby-2023-komunisticka-strana-slovenska-kss--320x179.jpg 320w,https:\/\/www.redemokracia.sk\/volby-2023\/wp-content\/uploads\/2023\/09\/Volby-2023-komunisticka-strana-slovenska-kss--1282x717.jpg 1282w\" data-ratio=\"1.79\" data-original-w=\"1292\" sizes=\"(max-width:479px) 480px,(max-width:767px) 768px,(max-width:1023px) 1024px,320px\" \/><\/a><\/div><\/div>\n                            \n                            <div class=\"entry-main\">\n                                                        \n                                <header class=\"entry-header\">\n                                \n                                    <h4 class=\"entry-title\">\n                                        <a href=\"https:\/\/www.redemokracia.sk\/volby-2023\/kss\/\">\n                                            Komunistick\u00e1 strana Slovenska                                        <\/a>\n                                    <\/h4>\n                                                                    <div class=\"entry-format\">\n                                        <a href=\"https:\/\/www.redemokracia.sk\/volby-2023\/kss\/\">\n                                            <div class=\"post-format format-\"> <\/div>\n                                        <\/a>\n                                    <\/div>\n                                <\/header>\n                                                            \n                                <div class=\"entry-info\">\n                                                                                                                                    <span class=\"entry-tax aux-no-sep\">\n                                        <a href=\"https:\/\/www.redemokracia.sk\/volby-2023\/category\/lavicove\/komunisticke\/\" title=\"View all posts in komunistick\u00e9\" rel=\"category\" >komunistick\u00e9<\/a>                                    <\/span>\n                                                                                                                                            <\/div>\n                            \n                                                            <div class=\"entry-content\">\n                                                                            <p>\n| KSS&nbsp;| \n\n\n\nVolebn\u00e9 \u010d\u00edslo 6&nbsp;\n\n\n\nPo\u010det kandid\u00e1tov: 81\n\n\n\n\n\n\n\nCie\u013eom Komunistickej strany Slovenska &nbsp;je vybudova\u0165 socializmus \u2013 spolo\u010dnos\u0165 demokra ...<\/p><div class=\"clear\"><\/div>                                <\/div>\n                                                        \n                            <\/div>\n\n                        <\/article>\n<\/div><div class=\"aux-col post-99\">\n                        <article class=\"post column-entry post-99 type-post status-publish format-standard has-post-thumbnail hentry category-demokraticke category-narodnostne category-politicke-strany category-stredo-prave tag-bezpecnost tag-ekonomika tag-hospodarstvo tag-narodnostne-mensiny tag-spravodlivost\">\n                                                        <div class=\"entry-media\"><div class=\"aux-media-frame aux-media-image aux-image-mask\"><a href=\"https:\/\/www.redemokracia.sk\/volby-2023\/mf-ods-zr-rk-ds\/\"><img decoding=\"async\" src=\"https:\/\/www.redemokracia.sk\/volby-2023\/wp-content\/uploads\/2023\/09\/Volby-2023-madarske-forum-obcianski-demokrati-slovenska-za-regiony-romska-koalicia-demokraticka-strana--320x179.jpg\" class=\"aux-attachment aux-featured-image attachment-320x179.2 aux-attachment-id-723 \" alt=\"Volby-2023-madarske-forum-obcianski-demokrati-slovenska-za-regiony-romska-koalicia-demokraticka-strana--\" srcset=\"https:\/\/www.redemokracia.sk\/volby-2023\/wp-content\/uploads\/2023\/09\/Volby-2023-madarske-forum-obcianski-demokrati-slovenska-za-regiony-romska-koalicia-demokraticka-strana--150x84.jpg 150w,https:\/\/www.redemokracia.sk\/volby-2023\/wp-content\/uploads\/2023\/09\/Volby-2023-madarske-forum-obcianski-demokrati-slovenska-za-regiony-romska-koalicia-demokraticka-strana--300x168.jpg 300w,https:\/\/www.redemokracia.sk\/volby-2023\/wp-content\/uploads\/2023\/09\/Volby-2023-madarske-forum-obcianski-demokrati-slovenska-za-regiony-romska-koalicia-demokraticka-strana--768x430.jpg 768w,https:\/\/www.redemokracia.sk\/volby-2023\/wp-content\/uploads\/2023\/09\/Volby-2023-madarske-forum-obcianski-demokrati-slovenska-za-regiony-romska-koalicia-demokraticka-strana--1024x573.jpg 1024w,https:\/\/www.redemokracia.sk\/volby-2023\/wp-content\/uploads\/2023\/09\/Volby-2023-madarske-forum-obcianski-demokrati-slovenska-za-regiony-romska-koalicia-demokraticka-strana--320x179.jpg 320w,https:\/\/www.redemokracia.sk\/volby-2023\/wp-content\/uploads\/2023\/09\/Volby-2023-madarske-forum-obcianski-demokrati-slovenska-za-regiony-romska-koalicia-demokraticka-strana--1282x717.jpg 1282w\" data-ratio=\"1.79\" data-original-w=\"1292\" sizes=\"(max-width:479px) 480px,(max-width:767px) 768px,(max-width:1023px) 1024px,320px\" \/><\/a><\/div><\/div>\n                            \n                            <div class=\"entry-main\">\n                                                        \n                                <header class=\"entry-header\">\n                                \n                                    <h4 class=\"entry-title\">\n                                        <a href=\"https:\/\/www.redemokracia.sk\/volby-2023\/mf-ods-zr-rk-ds\/\">\n                                            Ma\u010farsk\u00e9 f\u00f3rum, Ob\u010dianski demokrati Slovenska, Za regi\u00f3ny, R\u00f3mska koal\u00edcia, Demokratick\u00e1 strana                                        <\/a>\n                                    <\/h4>\n                                                                    <div class=\"entry-format\">\n                                        <a href=\"https:\/\/www.redemokracia.sk\/volby-2023\/mf-ods-zr-rk-ds\/\">\n                                            <div class=\"post-format format-\"> <\/div>\n                                        <\/a>\n                                    <\/div>\n                                <\/header>\n                                                            \n                                <div class=\"entry-info\">\n                                                                                                                                    <span class=\"entry-tax aux-no-sep\">\n                                        <a href=\"https:\/\/www.redemokracia.sk\/volby-2023\/category\/stredo-prave\/demokraticke\/\" title=\"View all posts in demokratick\u00e9\" rel=\"category\" >demokratick\u00e9<\/a>                                    <\/span>\n                                                                                                                                            <\/div>\n                            \n                                                            <div class=\"entry-content\">\n                                                                            <p>\n| MF, ODS, ZR, RK, DS | \n\n\n\nVolebn\u00e9 \u010d\u00edslo 7&nbsp;\n\n\n\nPo\u010det kandid\u00e1tov: 125\n\n\n\n\n\n\n\nHlavn\u00fdm cie\u013eom Ma\u010farsk\u00e9ho f\u00f3ra je, aby zabezpe\u010dilo parlamentn\u00fa reprezent\u00e1ciu  ...<\/p><div class=\"clear\"><\/div>                                <\/div>\n                                                        \n                            <\/div>\n\n                        <\/article>\n<\/div><div class=\"aux-col post-106\">\n                        <article class=\"post column-entry post-106 type-post status-publish format-standard has-post-thumbnail hentry category-konzervativne category-narodnostne category-politicke-strany category-pravicove category-vlastenecke tag-hospodarstvo tag-odmietnutie-lgbti tag-rodina-a-seniori tag-spravodlivost tag-vzdelavanie tag-zdravotnictvo tag-zivotne-prostredie tag-zmena-zahranicnej-politiky\">\n                                                        <div class=\"entry-media\"><div class=\"aux-media-frame aux-media-image aux-image-mask\"><a href=\"https:\/\/www.redemokracia.sk\/volby-2023\/vlastenecky-blok\/\"><img decoding=\"async\" src=\"https:\/\/www.redemokracia.sk\/volby-2023\/wp-content\/uploads\/2023\/09\/Volby-2023-vlastenecky-blok--320x179.jpg\" class=\"aux-attachment aux-featured-image attachment-320x179.2 aux-attachment-id-739 \" alt=\"Volby-2023-vlastenecky-blok--\" srcset=\"https:\/\/www.redemokracia.sk\/volby-2023\/wp-content\/uploads\/2023\/09\/Volby-2023-vlastenecky-blok--150x84.jpg 150w,https:\/\/www.redemokracia.sk\/volby-2023\/wp-content\/uploads\/2023\/09\/Volby-2023-vlastenecky-blok--300x168.jpg 300w,https:\/\/www.redemokracia.sk\/volby-2023\/wp-content\/uploads\/2023\/09\/Volby-2023-vlastenecky-blok--768x430.jpg 768w,https:\/\/www.redemokracia.sk\/volby-2023\/wp-content\/uploads\/2023\/09\/Volby-2023-vlastenecky-blok--1024x573.jpg 1024w,https:\/\/www.redemokracia.sk\/volby-2023\/wp-content\/uploads\/2023\/09\/Volby-2023-vlastenecky-blok--320x179.jpg 320w,https:\/\/www.redemokracia.sk\/volby-2023\/wp-content\/uploads\/2023\/09\/Volby-2023-vlastenecky-blok--1282x717.jpg 1282w\" data-ratio=\"1.79\" data-original-w=\"1292\" sizes=\"(max-width:479px) 480px,(max-width:767px) 768px,(max-width:1023px) 1024px,320px\" \/><\/a><\/div><\/div>\n                            \n                            <div class=\"entry-main\">\n                                                        \n                                <header class=\"entry-header\">\n                                \n                                    <h4 class=\"entry-title\">\n                                        <a href=\"https:\/\/www.redemokracia.sk\/volby-2023\/vlastenecky-blok\/\">\n                                            Vlasteneck\u00fd blok                                        <\/a>\n                                    <\/h4>\n                                                                    <div class=\"entry-format\">\n                                        <a href=\"https:\/\/www.redemokracia.sk\/volby-2023\/vlastenecky-blok\/\">\n                                            <div class=\"post-format format-\"> <\/div>\n                                        <\/a>\n                                    <\/div>\n                                <\/header>\n                                                            \n                                <div class=\"entry-info\">\n                                                                                                                                    <span class=\"entry-tax aux-no-sep\">\n                                        <a href=\"https:\/\/www.redemokracia.sk\/volby-2023\/category\/pravicove\/konzervativne\/\" title=\"View all posts in konzervat\u00edvne\" rel=\"category\" >konzervat\u00edvne<\/a>                                    <\/span>\n                                                                                                                                            <\/div>\n                            \n                                                            <div class=\"entry-content\">\n                                                                            <p>\n| VB&nbsp;| \n\n\n\nVolebn\u00e9 \u010d\u00edslo 8&nbsp;\n\n\n\nPo\u010det kandid\u00e1tov: 41\n\n\n\n\n\n\n\nPon\u00fakame V\u00e1m z\u00e1sadn\u00fa zmenu existuj\u00faceho nefunk\u010dn\u00e9ho syst\u00e9mu od samotn\u00e9ho z\u00e1kladu.\n\n\n\nSme o ...<\/p><div class=\"clear\"><\/div>                                <\/div>\n                                                        \n                            <\/div>\n\n                        <\/article>\n<\/div><div class=\"aux-col post-108\">\n                        <article class=\"post column-entry post-108 type-post status-publish format-standard has-post-thumbnail hentry category-demokraticke category-narodnostne category-politicke-strany category-stredo-prave tag-bezpecnost tag-digitalizacia tag-ekonomika tag-energetika tag-hospodarstvo tag-rodina-a-seniori tag-vzdelavanie tag-zdravotnictvo tag-zivotne-prostredie\">\n                                                        <div class=\"entry-media\"><div class=\"aux-media-frame aux-media-image aux-image-mask\"><a href=\"https:\/\/www.redemokracia.sk\/volby-2023\/modri-most-hid\/\"><img decoding=\"async\" src=\"https:\/\/www.redemokracia.sk\/volby-2023\/wp-content\/uploads\/2023\/09\/Volby-2023-modri-most-hid--320x179.jpg\" class=\"aux-attachment aux-featured-image attachment-320x179.2 aux-attachment-id-724 \" alt=\"Volby-2023-modri-most-hid--\" srcset=\"https:\/\/www.redemokracia.sk\/volby-2023\/wp-content\/uploads\/2023\/09\/Volby-2023-modri-most-hid--150x84.jpg 150w,https:\/\/www.redemokracia.sk\/volby-2023\/wp-content\/uploads\/2023\/09\/Volby-2023-modri-most-hid--300x168.jpg 300w,https:\/\/www.redemokracia.sk\/volby-2023\/wp-content\/uploads\/2023\/09\/Volby-2023-modri-most-hid--768x430.jpg 768w,https:\/\/www.redemokracia.sk\/volby-2023\/wp-content\/uploads\/2023\/09\/Volby-2023-modri-most-hid--1024x573.jpg 1024w,https:\/\/www.redemokracia.sk\/volby-2023\/wp-content\/uploads\/2023\/09\/Volby-2023-modri-most-hid--320x179.jpg 320w,https:\/\/www.redemokracia.sk\/volby-2023\/wp-content\/uploads\/2023\/09\/Volby-2023-modri-most-hid--1282x717.jpg 1282w\" data-ratio=\"1.79\" data-original-w=\"1292\" sizes=\"(max-width:479px) 480px,(max-width:767px) 768px,(max-width:1023px) 1024px,320px\" \/><\/a><\/div><\/div>\n                            \n                            <div class=\"entry-main\">\n                                                        \n                                <header class=\"entry-header\">\n                                \n                                    <h4 class=\"entry-title\">\n                                        <a href=\"https:\/\/www.redemokracia.sk\/volby-2023\/modri-most-hid\/\">\n                                            Modr\u00ed, Most &#8211; H\u00edd                                        <\/a>\n                                    <\/h4>\n                                                                    <div class=\"entry-format\">\n                                        <a href=\"https:\/\/www.redemokracia.sk\/volby-2023\/modri-most-hid\/\">\n                                            <div class=\"post-format format-\"> <\/div>\n                                        <\/a>\n                                    <\/div>\n                                <\/header>\n                                                            \n                                <div class=\"entry-info\">\n                                                                                                                                    <span class=\"entry-tax aux-no-sep\">\n                                        <a href=\"https:\/\/www.redemokracia.sk\/volby-2023\/category\/stredo-prave\/demokraticke\/\" title=\"View all posts in demokratick\u00e9\" rel=\"category\" >demokratick\u00e9<\/a>                                    <\/span>\n                                                                                                                                            <\/div>\n                            \n                                                            <div class=\"entry-content\">\n                                                                            <p>\n| MM | \n\n\n\nVolebn\u00e9 \u010d\u00edslo 9&nbsp;\n\n\n\nPo\u010det kandid\u00e1tov: 149\n\n\n\n\n\n\n\nM\u00e1me cie\u013e, pozn\u00e1me cestu! Nov\u00fd MODR\u00dd projekt, ktor\u00e9ho cie\u013eom je o\u017eivi\u0165 \u00faspech Slovenska. \u017dijem ...<\/p><div class=\"clear\"><\/div>                                <\/div>\n                                                        \n                            <\/div>\n\n                        <\/article>\n<\/div><div class=\"aux-col post-110\">\n                        <article class=\"post column-entry post-110 type-post status-publish format-standard has-post-thumbnail hentry category-liberalne category-pokrokove category-politicke-strany category-stredo-prave tag-ekonomika tag-hospodarstvo tag-rodina-a-seniori tag-spravodlivost\">\n                                                        <div class=\"entry-media\"><div class=\"aux-media-frame aux-media-image aux-image-mask\"><a href=\"https:\/\/www.redemokracia.sk\/volby-2023\/spravodlivost\/\"><img decoding=\"async\" src=\"https:\/\/www.redemokracia.sk\/volby-2023\/wp-content\/uploads\/2023\/09\/Volby-2023-spravodlivost--320x179.jpg\" class=\"aux-attachment aux-featured-image attachment-320x179.2 aux-attachment-id-737 \" alt=\"Volby-2023-spravodlivost--\" srcset=\"https:\/\/www.redemokracia.sk\/volby-2023\/wp-content\/uploads\/2023\/09\/Volby-2023-spravodlivost--150x84.jpg 150w,https:\/\/www.redemokracia.sk\/volby-2023\/wp-content\/uploads\/2023\/09\/Volby-2023-spravodlivost--300x168.jpg 300w,https:\/\/www.redemokracia.sk\/volby-2023\/wp-content\/uploads\/2023\/09\/Volby-2023-spravodlivost--768x430.jpg 768w,https:\/\/www.redemokracia.sk\/volby-2023\/wp-content\/uploads\/2023\/09\/Volby-2023-spravodlivost--1024x573.jpg 1024w,https:\/\/www.redemokracia.sk\/volby-2023\/wp-content\/uploads\/2023\/09\/Volby-2023-spravodlivost--320x179.jpg 320w,https:\/\/www.redemokracia.sk\/volby-2023\/wp-content\/uploads\/2023\/09\/Volby-2023-spravodlivost--1282x717.jpg 1282w\" data-ratio=\"1.79\" data-original-w=\"1292\" sizes=\"(max-width:479px) 480px,(max-width:767px) 768px,(max-width:1023px) 1024px,320px\" \/><\/a><\/div><\/div>\n                            \n                            <div class=\"entry-main\">\n                                                        \n                                <header class=\"entry-header\">\n                                \n                                    <h4 class=\"entry-title\">\n                                        <a href=\"https:\/\/www.redemokracia.sk\/volby-2023\/spravodlivost\/\">\n                                            SPRAVODLIVOS\u0164                                        <\/a>\n                                    <\/h4>\n                                                                    <div class=\"entry-format\">\n                                        <a href=\"https:\/\/www.redemokracia.sk\/volby-2023\/spravodlivost\/\">\n                                            <div class=\"post-format format-\"> <\/div>\n                                        <\/a>\n                                    <\/div>\n                                <\/header>\n                                                            \n                                <div class=\"entry-info\">\n                                                                                                                                    <span class=\"entry-tax aux-no-sep\">\n                                        <a href=\"https:\/\/www.redemokracia.sk\/volby-2023\/category\/stredo-prave\/liberalne\/\" title=\"View all posts in liber\u00e1lne\" rel=\"category\" >liber\u00e1lne<\/a>                                    <\/span>\n                                                                                                                                            <\/div>\n                            \n                                                            <div class=\"entry-content\">\n                                                                            <p>\nVolebn\u00e9 \u010d\u00edslo 10&nbsp;\n\n\n\nPo\u010det kandid\u00e1tov: 27\n\n\n\n\n\n\n\nPrv\u00e1 politick\u00e1 strana na Slovensku, ktor\u00e1 vyu\u017e\u00edva umel\u00fa inteligenciu na dosiahnutie pokroku a inov\u00e1ci\u00ed.\n\n ...<\/p><div class=\"clear\"><\/div>                                <\/div>\n                                                        \n                            <\/div>\n\n                        <\/article>\n<\/div><div class=\"aux-col post-112\">\n                        <article class=\"post column-entry post-112 type-post status-publish format-standard has-post-thumbnail hentry category-konzervativne category-narodnostne category-politicke-strany category-pravicove category-vlastenecke tag-odmietnutie-lgbti tag-zmena-zahranicnej-politiky\">\n                                                        <div class=\"entry-media\"><div class=\"aux-media-frame aux-media-image aux-image-mask\"><a href=\"https:\/\/www.redemokracia.sk\/volby-2023\/sho\/\"><img decoding=\"async\" src=\"https:\/\/www.redemokracia.sk\/volby-2023\/wp-content\/uploads\/2023\/09\/Volby-2023-slovenske-hnutie-obrany-sho--320x179.jpg\" class=\"aux-attachment aux-featured-image attachment-320x179.2 aux-attachment-id-733 \" alt=\"Volby-2023-slovenske-hnutie-obrany-sho--\" srcset=\"https:\/\/www.redemokracia.sk\/volby-2023\/wp-content\/uploads\/2023\/09\/Volby-2023-slovenske-hnutie-obrany-sho--150x84.jpg 150w,https:\/\/www.redemokracia.sk\/volby-2023\/wp-content\/uploads\/2023\/09\/Volby-2023-slovenske-hnutie-obrany-sho--300x168.jpg 300w,https:\/\/www.redemokracia.sk\/volby-2023\/wp-content\/uploads\/2023\/09\/Volby-2023-slovenske-hnutie-obrany-sho--768x430.jpg 768w,https:\/\/www.redemokracia.sk\/volby-2023\/wp-content\/uploads\/2023\/09\/Volby-2023-slovenske-hnutie-obrany-sho--1024x573.jpg 1024w,https:\/\/www.redemokracia.sk\/volby-2023\/wp-content\/uploads\/2023\/09\/Volby-2023-slovenske-hnutie-obrany-sho--320x179.jpg 320w,https:\/\/www.redemokracia.sk\/volby-2023\/wp-content\/uploads\/2023\/09\/Volby-2023-slovenske-hnutie-obrany-sho--1282x717.jpg 1282w\" data-ratio=\"1.79\" data-original-w=\"1292\" sizes=\"(max-width:479px) 480px,(max-width:767px) 768px,(max-width:1023px) 1024px,320px\" \/><\/a><\/div><\/div>\n                            \n                            <div class=\"entry-main\">\n                                                        \n                                <header class=\"entry-header\">\n                                \n                                    <h4 class=\"entry-title\">\n                                        <a href=\"https:\/\/www.redemokracia.sk\/volby-2023\/sho\/\">\n                                            Slovensk\u00e9 Hnutie Obrody                                        <\/a>\n                                    <\/h4>\n                                                                    <div class=\"entry-format\">\n                                        <a href=\"https:\/\/www.redemokracia.sk\/volby-2023\/sho\/\">\n                                            <div class=\"post-format format-\"> <\/div>\n                                        <\/a>\n                                    <\/div>\n                                <\/header>\n                                                            \n                                <div class=\"entry-info\">\n                                                                                                                                    <span class=\"entry-tax aux-no-sep\">\n                                        <a href=\"https:\/\/www.redemokracia.sk\/volby-2023\/category\/pravicove\/konzervativne\/\" title=\"View all posts in konzervat\u00edvne\" rel=\"category\" >konzervat\u00edvne<\/a>                                    <\/span>\n                                                                                                                                            <\/div>\n                            \n                                                            <div class=\"entry-content\">\n                                                                            <p>\n| SHO | \n\n\n\nVolebn\u00e9 \u010d\u00edslo 11&nbsp;\n\n\n\nPo\u010det kandid\u00e1tov: 45\n\n\n\n\n\n\n\nRevolu\u010dn\u00fd program pre Slovensko. Preto\u017ee sme presved\u010den\u00ed o&nbsp;tom, \u017ee realiz\u00e1cia v\u00e4\u010d\u0161iny na ...<\/p><div class=\"clear\"><\/div>                                <\/div>\n                                                        \n                            <\/div>\n\n                        <\/article>\n<\/div><div class=\"aux-col post-114\">\n                        <article class=\"post column-entry post-114 type-post status-publish format-standard has-post-thumbnail hentry category-demokraticke category-konzervativne category-liberalne category-pokrokove category-politicke-strany category-pravicove category-stredo-prave tag-bezpecnost tag-digitalizacia tag-ekonomika tag-energetika tag-hospodarstvo tag-rodina-a-seniori tag-spravodlivost tag-vzdelavanie tag-zdravotnictvo tag-zivotne-prostredie\">\n                                                        <div class=\"entry-media\"><div class=\"aux-media-frame aux-media-image aux-image-mask\"><a href=\"https:\/\/www.redemokracia.sk\/volby-2023\/sas\/\"><img decoding=\"async\" src=\"https:\/\/www.redemokracia.sk\/volby-2023\/wp-content\/uploads\/2023\/09\/Volby-2023-sloboda-a-solidarita-sas--320x179.jpg\" class=\"aux-attachment aux-featured-image attachment-320x179.2 aux-attachment-id-730 \" alt=\"Volby-2023-sloboda-a-solidarita-sas--\" srcset=\"https:\/\/www.redemokracia.sk\/volby-2023\/wp-content\/uploads\/2023\/09\/Volby-2023-sloboda-a-solidarita-sas--150x84.jpg 150w,https:\/\/www.redemokracia.sk\/volby-2023\/wp-content\/uploads\/2023\/09\/Volby-2023-sloboda-a-solidarita-sas--300x168.jpg 300w,https:\/\/www.redemokracia.sk\/volby-2023\/wp-content\/uploads\/2023\/09\/Volby-2023-sloboda-a-solidarita-sas--768x430.jpg 768w,https:\/\/www.redemokracia.sk\/volby-2023\/wp-content\/uploads\/2023\/09\/Volby-2023-sloboda-a-solidarita-sas--1024x573.jpg 1024w,https:\/\/www.redemokracia.sk\/volby-2023\/wp-content\/uploads\/2023\/09\/Volby-2023-sloboda-a-solidarita-sas--320x179.jpg 320w,https:\/\/www.redemokracia.sk\/volby-2023\/wp-content\/uploads\/2023\/09\/Volby-2023-sloboda-a-solidarita-sas--1282x717.jpg 1282w\" data-ratio=\"1.79\" data-original-w=\"1292\" sizes=\"(max-width:479px) 480px,(max-width:767px) 768px,(max-width:1023px) 1024px,320px\" \/><\/a><\/div><\/div>\n                            \n                            <div class=\"entry-main\">\n                                                        \n                                <header class=\"entry-header\">\n                                \n                                    <h4 class=\"entry-title\">\n                                        <a href=\"https:\/\/www.redemokracia.sk\/volby-2023\/sas\/\">\n                                            Sloboda a Solidarita                                        <\/a>\n                                    <\/h4>\n                                                                    <div class=\"entry-format\">\n                                        <a href=\"https:\/\/www.redemokracia.sk\/volby-2023\/sas\/\">\n                                            <div class=\"post-format format-\"> <\/div>\n                                        <\/a>\n                                    <\/div>\n                                <\/header>\n                                                            \n                                <div class=\"entry-info\">\n                                                                                                                                    <span class=\"entry-tax aux-no-sep\">\n                                        <a href=\"https:\/\/www.redemokracia.sk\/volby-2023\/category\/stredo-prave\/demokraticke\/\" title=\"View all posts in demokratick\u00e9\" rel=\"category\" >demokratick\u00e9<\/a>                                    <\/span>\n                                                                                                                                            <\/div>\n                            \n                                                            <div class=\"entry-content\">\n                                                                            <p>\n| SaS&nbsp;| \n\n\n\nVolebn\u00e9 \u010d\u00edslo 12&nbsp;\n\n\n\nPo\u010det kandid\u00e1tov: 150\n\n\n\n\n\n\n\n\n\n\n\nStrana Sloboda a&nbsp;Solidarita je strana postaven\u00e1 na&nbsp;Hodnot\u00e1ch. Vych\u00e1dzaj\u00fac ...<\/p><div class=\"clear\"><\/div>                                <\/div>\n                                                        \n                            <\/div>\n\n                        <\/article>\n<\/div><div class=\"aux-col post-116\">\n                        <article class=\"post column-entry post-116 type-post status-publish format-standard has-post-thumbnail hentry category-lavicove category-politicke-hnutia category-socialno-demokraticke tag-digitalizacia tag-hospodarstvo tag-odmietnutie-lgbti tag-rodina-a-seniori\">\n                                                        <div class=\"entry-media\"><div class=\"aux-media-frame aux-media-image aux-image-mask\"><a href=\"https:\/\/www.redemokracia.sk\/volby-2023\/sme-rodina\/\"><img decoding=\"async\" src=\"https:\/\/www.redemokracia.sk\/volby-2023\/wp-content\/uploads\/2023\/09\/Volby-2023-sme-rodina--320x179.jpg\" class=\"aux-attachment aux-featured-image attachment-320x179.2 aux-attachment-id-734 \" alt=\"Volby-2023-sme-rodina--\" srcset=\"https:\/\/www.redemokracia.sk\/volby-2023\/wp-content\/uploads\/2023\/09\/Volby-2023-sme-rodina--150x84.jpg 150w,https:\/\/www.redemokracia.sk\/volby-2023\/wp-content\/uploads\/2023\/09\/Volby-2023-sme-rodina--300x168.jpg 300w,https:\/\/www.redemokracia.sk\/volby-2023\/wp-content\/uploads\/2023\/09\/Volby-2023-sme-rodina--768x430.jpg 768w,https:\/\/www.redemokracia.sk\/volby-2023\/wp-content\/uploads\/2023\/09\/Volby-2023-sme-rodina--1024x573.jpg 1024w,https:\/\/www.redemokracia.sk\/volby-2023\/wp-content\/uploads\/2023\/09\/Volby-2023-sme-rodina--320x179.jpg 320w,https:\/\/www.redemokracia.sk\/volby-2023\/wp-content\/uploads\/2023\/09\/Volby-2023-sme-rodina--1282x717.jpg 1282w\" data-ratio=\"1.79\" data-original-w=\"1292\" sizes=\"(max-width:479px) 480px,(max-width:767px) 768px,(max-width:1023px) 1024px,320px\" \/><\/a><\/div><\/div>\n                            \n                            <div class=\"entry-main\">\n                                                        \n                                <header class=\"entry-header\">\n                                \n                                    <h4 class=\"entry-title\">\n                                        <a href=\"https:\/\/www.redemokracia.sk\/volby-2023\/sme-rodina\/\">\n                                            SME RODINA                                        <\/a>\n                                    <\/h4>\n                                                                    <div class=\"entry-format\">\n                                        <a href=\"https:\/\/www.redemokracia.sk\/volby-2023\/sme-rodina\/\">\n                                            <div class=\"post-format format-\"> <\/div>\n                                        <\/a>\n                                    <\/div>\n                                <\/header>\n                                                            \n                                <div class=\"entry-info\">\n                                                                                                                                    <span class=\"entry-tax aux-no-sep\">\n                                        <a href=\"https:\/\/www.redemokracia.sk\/volby-2023\/category\/lavicove\/\" title=\"View all posts in \u013eavicov\u00e9\" rel=\"category\" >\u013eavicov\u00e9<\/a>                                    <\/span>\n                                                                                                                                            <\/div>\n                            \n                                                            <div class=\"entry-content\">\n                                                                            <p>\nVolebn\u00e9 \u010d\u00edslo 13&nbsp;\n\n\n\nPo\u010det kandid\u00e1tov: 150\n\n\n\n\n\n\n\nPom\u00e1hame, nerie\u0161ime eg\u00e1. Podpor\u00edme ka\u017ed\u00fd dobr\u00fd n\u00e1vrh bez oh\u013eadu na to, \u010di ho predklad\u00e1 opoz\u00edcia alebo ko ...<\/p><div class=\"clear\"><\/div>                                <\/div>\n                                                        \n                            <\/div>\n\n                        <\/article>\n<\/div><div class=\"aux-col post-118\">\n                        <article class=\"post column-entry post-118 type-post status-publish format-standard has-post-thumbnail hentry category-liberalne category-pokrokove category-politicke-strany category-stredo-prave tag-ekonomika tag-energetika tag-hospodarstvo tag-rodina-a-seniori tag-spravodlivost tag-vzdelavanie\">\n                                                        <div class=\"entry-media\"><div class=\"aux-media-frame aux-media-image aux-image-mask\"><a href=\"https:\/\/www.redemokracia.sk\/volby-2023\/myslovensko\/\"><img decoding=\"async\" src=\"https:\/\/www.redemokracia.sk\/volby-2023\/wp-content\/uploads\/2023\/09\/Volby-2023-myslovensko--320x179.jpg\" class=\"aux-attachment aux-featured-image attachment-320x179.2 aux-attachment-id-725 \" alt=\"Volby-2023-myslovensko--\" srcset=\"https:\/\/www.redemokracia.sk\/volby-2023\/wp-content\/uploads\/2023\/09\/Volby-2023-myslovensko--150x84.jpg 150w,https:\/\/www.redemokracia.sk\/volby-2023\/wp-content\/uploads\/2023\/09\/Volby-2023-myslovensko--300x168.jpg 300w,https:\/\/www.redemokracia.sk\/volby-2023\/wp-content\/uploads\/2023\/09\/Volby-2023-myslovensko--768x430.jpg 768w,https:\/\/www.redemokracia.sk\/volby-2023\/wp-content\/uploads\/2023\/09\/Volby-2023-myslovensko--1024x573.jpg 1024w,https:\/\/www.redemokracia.sk\/volby-2023\/wp-content\/uploads\/2023\/09\/Volby-2023-myslovensko--320x179.jpg 320w,https:\/\/www.redemokracia.sk\/volby-2023\/wp-content\/uploads\/2023\/09\/Volby-2023-myslovensko--1282x717.jpg 1282w\" data-ratio=\"1.79\" data-original-w=\"1292\" sizes=\"(max-width:479px) 480px,(max-width:767px) 768px,(max-width:1023px) 1024px,320px\" \/><\/a><\/div><\/div>\n                            \n                            <div class=\"entry-main\">\n                                                        \n                                <header class=\"entry-header\">\n                                \n                                    <h4 class=\"entry-title\">\n                                        <a href=\"https:\/\/www.redemokracia.sk\/volby-2023\/myslovensko\/\">\n                                            MySlovensko                                        <\/a>\n                                    <\/h4>\n                                                                    <div class=\"entry-format\">\n                                        <a href=\"https:\/\/www.redemokracia.sk\/volby-2023\/myslovensko\/\">\n                                            <div class=\"post-format format-\"> <\/div>\n                                        <\/a>\n                                    <\/div>\n                                <\/header>\n                                                            \n                                <div class=\"entry-info\">\n                                                                                                                                    <span class=\"entry-tax aux-no-sep\">\n                                        <a href=\"https:\/\/www.redemokracia.sk\/volby-2023\/category\/stredo-prave\/liberalne\/\" title=\"View all posts in liber\u00e1lne\" rel=\"category\" >liber\u00e1lne<\/a>                                    <\/span>\n                                                                                                                                            <\/div>\n                            \n                                                            <div class=\"entry-content\">\n                                                                            <p>\nVolebn\u00e9 \u010d\u00edslo 14&nbsp;\n\n\n\nPo\u010det kandid\u00e1tov: 49\n\n\n\n\n\n\n\n#MySlovensko predstavuje modern\u00fa formu politickej strany.&nbsp;Je prv\u00fd politick\u00fd startup, ktor\u00fd sa zameri ...<\/p><div class=\"clear\"><\/div>                                <\/div>\n                                                        \n                            <\/div>\n\n                        <\/article>\n<\/div><div class=\"aux-col post-120\">\n                        <article class=\"post column-entry post-120 type-post status-publish format-standard has-post-thumbnail hentry category-konzervativne category-narodnostne category-politicke-strany category-pravicove category-vlastenecke tag-bezpecnost tag-ekonomika tag-hospodarstvo tag-odmietnutie-lgbti tag-rodina-a-seniori tag-spravodlivost tag-vzdelavanie tag-zdravotnictvo tag-zivotne-prostredie\">\n                                                        <div class=\"entry-media\"><div class=\"aux-media-frame aux-media-image aux-image-mask\"><a href=\"https:\/\/www.redemokracia.sk\/volby-2023\/sns\/\"><img decoding=\"async\" src=\"https:\/\/www.redemokracia.sk\/volby-2023\/wp-content\/uploads\/2023\/09\/Volby-2023-slovenska-narodna-strana-sns--320x179.jpg\" class=\"aux-attachment aux-featured-image attachment-320x179.2 aux-attachment-id-732 \" alt=\"Volby-2023-slovenska-narodna-strana-sns--\" srcset=\"https:\/\/www.redemokracia.sk\/volby-2023\/wp-content\/uploads\/2023\/09\/Volby-2023-slovenska-narodna-strana-sns--150x84.jpg 150w,https:\/\/www.redemokracia.sk\/volby-2023\/wp-content\/uploads\/2023\/09\/Volby-2023-slovenska-narodna-strana-sns--300x168.jpg 300w,https:\/\/www.redemokracia.sk\/volby-2023\/wp-content\/uploads\/2023\/09\/Volby-2023-slovenska-narodna-strana-sns--768x430.jpg 768w,https:\/\/www.redemokracia.sk\/volby-2023\/wp-content\/uploads\/2023\/09\/Volby-2023-slovenska-narodna-strana-sns--1024x573.jpg 1024w,https:\/\/www.redemokracia.sk\/volby-2023\/wp-content\/uploads\/2023\/09\/Volby-2023-slovenska-narodna-strana-sns--320x179.jpg 320w,https:\/\/www.redemokracia.sk\/volby-2023\/wp-content\/uploads\/2023\/09\/Volby-2023-slovenska-narodna-strana-sns--1282x717.jpg 1282w\" data-ratio=\"1.79\" data-original-w=\"1292\" sizes=\"(max-width:479px) 480px,(max-width:767px) 768px,(max-width:1023px) 1024px,320px\" \/><\/a><\/div><\/div>\n                            \n                            <div class=\"entry-main\">\n                                                        \n                                <header class=\"entry-header\">\n                                \n                                    <h4 class=\"entry-title\">\n                                        <a href=\"https:\/\/www.redemokracia.sk\/volby-2023\/sns\/\">\n                                            Slovensk\u00e1 n\u00e1rodn\u00e1 strana                                        <\/a>\n                                    <\/h4>\n                                                                    <div class=\"entry-format\">\n                                        <a href=\"https:\/\/www.redemokracia.sk\/volby-2023\/sns\/\">\n                                            <div class=\"post-format format-\"> <\/div>\n                                        <\/a>\n                                    <\/div>\n                                <\/header>\n                                                            \n                                <div class=\"entry-info\">\n                                                                                                                                    <span class=\"entry-tax aux-no-sep\">\n                                        <a href=\"https:\/\/www.redemokracia.sk\/volby-2023\/category\/pravicove\/konzervativne\/\" title=\"View all posts in konzervat\u00edvne\" rel=\"category\" >konzervat\u00edvne<\/a>                                    <\/span>\n                                                                                                                                            <\/div>\n                            \n                                                            <div class=\"entry-content\">\n                                                                            <p>\n| SNS&nbsp;| \n\n\n\nVolebn\u00e9 \u010d\u00edslo 15&nbsp;\n\n\n\nPo\u010det kandid\u00e1tov: 150\n\n\n\n\n\n\n\nSNS nadv\u00e4zuje na cyrilo-metodsk\u00fa, \u0161t\u00farovsk\u00fa a memorandovsk\u00fa \u0161t\u00e1totvorn\u00fa trad\u00edciu a l\u00edni ...<\/p><div class=\"clear\"><\/div>                                <\/div>\n                                                        \n                            <\/div>\n\n                        <\/article>\n<\/div><div class=\"aux-col post-122\">\n                        <article class=\"post column-entry post-122 type-post status-publish format-standard has-post-thumbnail hentry category-lavicove category-narodnostne category-politicke-strany category-socialno-demokraticke tag-ekonomika tag-hospodarstvo tag-rodina-a-seniori tag-spravodlivost tag-vzdelavanie tag-zdravotnictvo tag-zivotne-prostredie tag-zmena-zahranicnej-politiky\">\n                                                        <div class=\"entry-media\"><div class=\"aux-media-frame aux-media-image aux-image-mask\"><a href=\"https:\/\/www.redemokracia.sk\/volby-2023\/smer-sd\/\"><img decoding=\"async\" src=\"https:\/\/www.redemokracia.sk\/volby-2023\/wp-content\/uploads\/2023\/09\/Volby-2023-smer-socialna-demokracia--320x179.jpg\" class=\"aux-attachment aux-featured-image attachment-320x179.2 aux-attachment-id-735 \" alt=\"Volby-2023-smer-socialna-demokracia--\" srcset=\"https:\/\/www.redemokracia.sk\/volby-2023\/wp-content\/uploads\/2023\/09\/Volby-2023-smer-socialna-demokracia--150x84.jpg 150w,https:\/\/www.redemokracia.sk\/volby-2023\/wp-content\/uploads\/2023\/09\/Volby-2023-smer-socialna-demokracia--300x168.jpg 300w,https:\/\/www.redemokracia.sk\/volby-2023\/wp-content\/uploads\/2023\/09\/Volby-2023-smer-socialna-demokracia--768x430.jpg 768w,https:\/\/www.redemokracia.sk\/volby-2023\/wp-content\/uploads\/2023\/09\/Volby-2023-smer-socialna-demokracia--1024x573.jpg 1024w,https:\/\/www.redemokracia.sk\/volby-2023\/wp-content\/uploads\/2023\/09\/Volby-2023-smer-socialna-demokracia--320x179.jpg 320w,https:\/\/www.redemokracia.sk\/volby-2023\/wp-content\/uploads\/2023\/09\/Volby-2023-smer-socialna-demokracia--1282x717.jpg 1282w\" data-ratio=\"1.79\" data-original-w=\"1292\" sizes=\"(max-width:479px) 480px,(max-width:767px) 768px,(max-width:1023px) 1024px,320px\" \/><\/a><\/div><\/div>\n                            \n                            <div class=\"entry-main\">\n                                                        \n                                <header class=\"entry-header\">\n                                \n                                    <h4 class=\"entry-title\">\n                                        <a href=\"https:\/\/www.redemokracia.sk\/volby-2023\/smer-sd\/\">\n                                            SMER &#8211; soci\u00e1lna demokracia                                        <\/a>\n                                    <\/h4>\n                                                                    <div class=\"entry-format\">\n                                        <a href=\"https:\/\/www.redemokracia.sk\/volby-2023\/smer-sd\/\">\n                                            <div class=\"post-format format-\"> <\/div>\n                                        <\/a>\n                                    <\/div>\n                                <\/header>\n                                                            \n                                <div class=\"entry-info\">\n                                                                                                                                    <span class=\"entry-tax aux-no-sep\">\n                                        <a href=\"https:\/\/www.redemokracia.sk\/volby-2023\/category\/lavicove\/\" title=\"View all posts in \u013eavicov\u00e9\" rel=\"category\" >\u013eavicov\u00e9<\/a>                                    <\/span>\n                                                                                                                                            <\/div>\n                            \n                                                            <div class=\"entry-content\">\n                                                                            <p>\n| SMER - SD | &nbsp;\n\n\n\nVolebn\u00e9 \u010d\u00edslo 16&nbsp;\n\n\n\nPo\u010det kandid\u00e1tov: 150\n\n\n\n\n\n\n\n\u013davicov\u00e1 strana, ktor\u00e1 presadzuje siln\u00fa poz\u00edciu \u0161t\u00e1tu v ekonomike a zodpovednos\u0165 ...<\/p><div class=\"clear\"><\/div>                                <\/div>\n                                                        \n                            <\/div>\n\n                        <\/article>\n<\/div><div class=\"aux-col post-124\">\n                        <article class=\"post column-entry post-124 type-post status-publish format-standard has-post-thumbnail hentry category-lavicove category-narodnostne category-politicke-strany category-socialno-demokraticke tag-ekonomika tag-hospodarstvo tag-rodina-a-seniori tag-vzdelavanie tag-zdravotnictvo tag-zivotne-prostredie\">\n                                                        <div class=\"entry-media\"><div class=\"aux-media-frame aux-media-image aux-image-mask\"><a href=\"https:\/\/www.redemokracia.sk\/volby-2023\/hlas-sd\/\"><img decoding=\"async\" src=\"https:\/\/www.redemokracia.sk\/volby-2023\/wp-content\/uploads\/2023\/09\/Volby-2023-hlas-socialna-demokracia--320x179.jpg\" class=\"aux-attachment aux-featured-image attachment-320x179.2 aux-attachment-id-718 \" alt=\"Volby-2023-hlas-socialna-demokracia--\" srcset=\"https:\/\/www.redemokracia.sk\/volby-2023\/wp-content\/uploads\/2023\/09\/Volby-2023-hlas-socialna-demokracia--150x84.jpg 150w,https:\/\/www.redemokracia.sk\/volby-2023\/wp-content\/uploads\/2023\/09\/Volby-2023-hlas-socialna-demokracia--300x168.jpg 300w,https:\/\/www.redemokracia.sk\/volby-2023\/wp-content\/uploads\/2023\/09\/Volby-2023-hlas-socialna-demokracia--768x430.jpg 768w,https:\/\/www.redemokracia.sk\/volby-2023\/wp-content\/uploads\/2023\/09\/Volby-2023-hlas-socialna-demokracia--1024x573.jpg 1024w,https:\/\/www.redemokracia.sk\/volby-2023\/wp-content\/uploads\/2023\/09\/Volby-2023-hlas-socialna-demokracia--320x179.jpg 320w,https:\/\/www.redemokracia.sk\/volby-2023\/wp-content\/uploads\/2023\/09\/Volby-2023-hlas-socialna-demokracia--1282x717.jpg 1282w\" data-ratio=\"1.79\" data-original-w=\"1292\" sizes=\"(max-width:479px) 480px,(max-width:767px) 768px,(max-width:1023px) 1024px,320px\" \/><\/a><\/div><\/div>\n                            \n                            <div class=\"entry-main\">\n                                                        \n                                <header class=\"entry-header\">\n                                \n                                    <h4 class=\"entry-title\">\n                                        <a href=\"https:\/\/www.redemokracia.sk\/volby-2023\/hlas-sd\/\">\n                                            HLAS &#8211; soci\u00e1lna demokracia                                        <\/a>\n                                    <\/h4>\n                                                                    <div class=\"entry-format\">\n                                        <a href=\"https:\/\/www.redemokracia.sk\/volby-2023\/hlas-sd\/\">\n                                            <div class=\"post-format format-\"> <\/div>\n                                        <\/a>\n                                    <\/div>\n                                <\/header>\n                                                            \n                                <div class=\"entry-info\">\n                                                                                                                                    <span class=\"entry-tax aux-no-sep\">\n                                        <a href=\"https:\/\/www.redemokracia.sk\/volby-2023\/category\/lavicove\/\" title=\"View all posts in \u013eavicov\u00e9\" rel=\"category\" >\u013eavicov\u00e9<\/a>                                    <\/span>\n                                                                                                                                            <\/div>\n                            \n                                                            <div class=\"entry-content\">\n                                                                            <p>\n| HLAS - SD | &nbsp;\n\n\n\nVolebn\u00e9 \u010d\u00edslo 17&nbsp;\n\n\n\nPo\u010det kandid\u00e1tov: 150\n\n\n\n\n\n\n\n\nChceme by\u0165 hlasom soci\u00e1lnej demokracie \u2013 pracuj\u00facich, slab\u0161\u00edch, chor\u00fdch, v\u0161etk\u00fd ...<\/p><div class=\"clear\"><\/div>                                <\/div>\n                                                        \n                            <\/div>\n\n                        <\/article>\n<\/div><div class=\"aux-col post-126\">\n                        <article class=\"post column-entry post-126 type-post status-publish format-standard has-post-thumbnail hentry category-demokraticke category-narodnostne category-stredo-prave tag-ekonomika tag-energetika tag-hospodarstvo tag-korupcia tag-narodnostne-mensiny tag-rodina-a-seniori tag-spravodlivost tag-vzdelavanie tag-zdravotnictvo tag-zivotne-prostredie\">\n                                                        <div class=\"entry-media\"><div class=\"aux-media-frame aux-media-image aux-image-mask\"><a href=\"https:\/\/www.redemokracia.sk\/volby-2023\/szovetseg-aliancia\/\"><img decoding=\"async\" src=\"https:\/\/www.redemokracia.sk\/volby-2023\/wp-content\/uploads\/2023\/09\/Volby-2023-aliancia--320x179.jpg\" class=\"aux-attachment aux-featured-image attachment-320x179.2 aux-attachment-id-716 \" alt=\"Volby-2023-aliancia--\" srcset=\"https:\/\/www.redemokracia.sk\/volby-2023\/wp-content\/uploads\/2023\/09\/Volby-2023-aliancia--150x84.jpg 150w,https:\/\/www.redemokracia.sk\/volby-2023\/wp-content\/uploads\/2023\/09\/Volby-2023-aliancia--300x168.jpg 300w,https:\/\/www.redemokracia.sk\/volby-2023\/wp-content\/uploads\/2023\/09\/Volby-2023-aliancia--768x430.jpg 768w,https:\/\/www.redemokracia.sk\/volby-2023\/wp-content\/uploads\/2023\/09\/Volby-2023-aliancia--1024x573.jpg 1024w,https:\/\/www.redemokracia.sk\/volby-2023\/wp-content\/uploads\/2023\/09\/Volby-2023-aliancia--320x179.jpg 320w,https:\/\/www.redemokracia.sk\/volby-2023\/wp-content\/uploads\/2023\/09\/Volby-2023-aliancia--1282x717.jpg 1282w\" data-ratio=\"1.79\" data-original-w=\"1292\" sizes=\"(max-width:479px) 480px,(max-width:767px) 768px,(max-width:1023px) 1024px,320px\" \/><\/a><\/div><\/div>\n                            \n                            <div class=\"entry-main\">\n                                                        \n                                <header class=\"entry-header\">\n                                \n                                    <h4 class=\"entry-title\">\n                                        <a href=\"https:\/\/www.redemokracia.sk\/volby-2023\/szovetseg-aliancia\/\">\n                                            SZ\u00d6VETS\u00c9G &#8211; Magyarok. Nemzetis\u00e9gek. Regi\u00f3k. | ALIANCIA &#8211; Ma\u010fari. N\u00e1rodnosti. Regi\u00f3ny                                        <\/a>\n                                    <\/h4>\n                                                                    <div class=\"entry-format\">\n                                        <a href=\"https:\/\/www.redemokracia.sk\/volby-2023\/szovetseg-aliancia\/\">\n                                            <div class=\"post-format format-\"> <\/div>\n                                        <\/a>\n                                    <\/div>\n                                <\/header>\n                                                            \n                                <div class=\"entry-info\">\n                                                                                                                                    <span class=\"entry-tax aux-no-sep\">\n                                        <a href=\"https:\/\/www.redemokracia.sk\/volby-2023\/category\/stredo-prave\/demokraticke\/\" title=\"View all posts in demokratick\u00e9\" rel=\"category\" >demokratick\u00e9<\/a>                                    <\/span>\n                                                                                                                                            <\/div>\n                            \n                                                            <div class=\"entry-content\">\n                                                                            <p>\n| SZ\u00d6VETS\u00c9G - ALIANCIA | \n\n\n\nVolebn\u00e9 \u010d\u00edslo 18&nbsp;\n\n\n\nPo\u010det kandid\u00e1tov:&nbsp; 149\n\n\n\n\n\n\n\nMa\u010farsk\u00e1 komunita na Slovensku je neoddelite\u013enou s\u00fa\u010das\u0165ou ma\u010farsk\u00e9ho  ...<\/p><div class=\"clear\"><\/div>                                <\/div>\n                                                        \n                            <\/div>\n\n                        <\/article>\n<\/div><div class=\"aux-col post-128\">\n                        <article class=\"post column-entry post-128 type-post status-publish format-standard has-post-thumbnail hentry category-konzervativne category-narodnostne category-politicke-strany category-pravicove category-vlastenecke tag-ekonomika tag-hospodarstvo tag-odmietnutie-lgbti tag-spravodlivost tag-zmena-zahranicnej-politiky\">\n                                                        <div class=\"entry-media\"><div class=\"aux-media-frame aux-media-image aux-image-mask\"><a href=\"https:\/\/www.redemokracia.sk\/volby-2023\/srdce-snj\/\"><img decoding=\"async\" src=\"https:\/\/www.redemokracia.sk\/volby-2023\/wp-content\/uploads\/2023\/09\/Volby-2023-srdce-vlastenci-a-dochodcovia-slovenska-narodna-jednota--320x179.jpg\" class=\"aux-attachment aux-featured-image attachment-320x179.2 aux-attachment-id-738 \" alt=\"Volby-2023-srdce-vlastenci-a-dochodcovia-slovenska-narodna-jednota--\" srcset=\"https:\/\/www.redemokracia.sk\/volby-2023\/wp-content\/uploads\/2023\/09\/Volby-2023-srdce-vlastenci-a-dochodcovia-slovenska-narodna-jednota--150x84.jpg 150w,https:\/\/www.redemokracia.sk\/volby-2023\/wp-content\/uploads\/2023\/09\/Volby-2023-srdce-vlastenci-a-dochodcovia-slovenska-narodna-jednota--300x168.jpg 300w,https:\/\/www.redemokracia.sk\/volby-2023\/wp-content\/uploads\/2023\/09\/Volby-2023-srdce-vlastenci-a-dochodcovia-slovenska-narodna-jednota--768x430.jpg 768w,https:\/\/www.redemokracia.sk\/volby-2023\/wp-content\/uploads\/2023\/09\/Volby-2023-srdce-vlastenci-a-dochodcovia-slovenska-narodna-jednota--1024x573.jpg 1024w,https:\/\/www.redemokracia.sk\/volby-2023\/wp-content\/uploads\/2023\/09\/Volby-2023-srdce-vlastenci-a-dochodcovia-slovenska-narodna-jednota--320x179.jpg 320w,https:\/\/www.redemokracia.sk\/volby-2023\/wp-content\/uploads\/2023\/09\/Volby-2023-srdce-vlastenci-a-dochodcovia-slovenska-narodna-jednota--1282x717.jpg 1282w\" data-ratio=\"1.79\" data-original-w=\"1292\" sizes=\"(max-width:479px) 480px,(max-width:767px) 768px,(max-width:1023px) 1024px,320px\" \/><\/a><\/div><\/div>\n                            \n                            <div class=\"entry-main\">\n                                                        \n                                <header class=\"entry-header\">\n                                \n                                    <h4 class=\"entry-title\">\n                                        <a href=\"https:\/\/www.redemokracia.sk\/volby-2023\/srdce-snj\/\">\n                                            SRDCE vlastenci a d\u00f4chodcovia &#8211; SLOVENSK\u00c1 N\u00c1RODN\u00c1 JEDNOTA                                        <\/a>\n                                    <\/h4>\n                                                                    <div class=\"entry-format\">\n                                        <a href=\"https:\/\/www.redemokracia.sk\/volby-2023\/srdce-snj\/\">\n                                            <div class=\"post-format format-\"> <\/div>\n                                        <\/a>\n                                    <\/div>\n                                <\/header>\n                                                            \n                                <div class=\"entry-info\">\n                                                                                                                                    <span class=\"entry-tax aux-no-sep\">\n                                        <a href=\"https:\/\/www.redemokracia.sk\/volby-2023\/category\/pravicove\/konzervativne\/\" title=\"View all posts in konzervat\u00edvne\" rel=\"category\" >konzervat\u00edvne<\/a>                                    <\/span>\n                                                                                                                                            <\/div>\n                            \n                                                            <div class=\"entry-content\">\n                                                                            <p>\n| SRDCE - SNJ | \n\n\n\nVolebn\u00e9 \u010d\u00edslo 19&nbsp;\n\n\n\nPo\u010det kandid\u00e1tov: 100\n\n\n\n\n\n\n\nVytv\u00e1rame podmienky pre zjednocovanie konzervat\u00edvnych pron\u00e1rodn\u00fdch str\u00e1n a hnut\u00ed, ob ...<\/p><div class=\"clear\"><\/div>                                <\/div>\n                                                        \n                            <\/div>\n\n                        <\/article>\n<\/div><div class=\"aux-col post-131\">\n                        <article class=\"post column-entry post-131 type-post status-publish format-standard has-post-thumbnail hentry category-demokraticke category-nabozenske category-politicke-strany category-stredo-prave\">\n                                                        <div class=\"entry-media\"><div class=\"aux-media-frame aux-media-image aux-image-mask\"><a href=\"https:\/\/www.redemokracia.sk\/volby-2023\/sdku-ds\/\"><img decoding=\"async\" src=\"https:\/\/www.redemokracia.sk\/volby-2023\/wp-content\/uploads\/2023\/09\/Volby-2023-slovenska-demokraticka-a-krestanska-unia-demokraticka-strana-sdku-ds--320x179.jpg\" class=\"aux-attachment aux-featured-image attachment-320x179.2 aux-attachment-id-731 \" alt=\"Volby-2023-slovenska-demokraticka-a-krestanska-unia-demokraticka-strana-sdku-ds--\" srcset=\"https:\/\/www.redemokracia.sk\/volby-2023\/wp-content\/uploads\/2023\/09\/Volby-2023-slovenska-demokraticka-a-krestanska-unia-demokraticka-strana-sdku-ds--150x84.jpg 150w,https:\/\/www.redemokracia.sk\/volby-2023\/wp-content\/uploads\/2023\/09\/Volby-2023-slovenska-demokraticka-a-krestanska-unia-demokraticka-strana-sdku-ds--300x168.jpg 300w,https:\/\/www.redemokracia.sk\/volby-2023\/wp-content\/uploads\/2023\/09\/Volby-2023-slovenska-demokraticka-a-krestanska-unia-demokraticka-strana-sdku-ds--768x430.jpg 768w,https:\/\/www.redemokracia.sk\/volby-2023\/wp-content\/uploads\/2023\/09\/Volby-2023-slovenska-demokraticka-a-krestanska-unia-demokraticka-strana-sdku-ds--1024x573.jpg 1024w,https:\/\/www.redemokracia.sk\/volby-2023\/wp-content\/uploads\/2023\/09\/Volby-2023-slovenska-demokraticka-a-krestanska-unia-demokraticka-strana-sdku-ds--320x179.jpg 320w,https:\/\/www.redemokracia.sk\/volby-2023\/wp-content\/uploads\/2023\/09\/Volby-2023-slovenska-demokraticka-a-krestanska-unia-demokraticka-strana-sdku-ds--1282x717.jpg 1282w\" data-ratio=\"1.79\" data-original-w=\"1292\" sizes=\"(max-width:479px) 480px,(max-width:767px) 768px,(max-width:1023px) 1024px,320px\" \/><\/a><\/div><\/div>\n                            \n                            <div class=\"entry-main\">\n                                                        \n                                <header class=\"entry-header\">\n                                \n                                    <h4 class=\"entry-title\">\n                                        <a href=\"https:\/\/www.redemokracia.sk\/volby-2023\/sdku-ds\/\">\n                                            Slovensk\u00e1 demokratick\u00e1 a kres\u0165ansk\u00e1 \u00fania &#8211; Demokratick\u00e1 strana                                        <\/a>\n                                    <\/h4>\n                                                                    <div class=\"entry-format\">\n                                        <a href=\"https:\/\/www.redemokracia.sk\/volby-2023\/sdku-ds\/\">\n                                            <div class=\"post-format format-\"> <\/div>\n                                        <\/a>\n                                    <\/div>\n                                <\/header>\n                                                            \n                                <div class=\"entry-info\">\n                                                                                                                                    <span class=\"entry-tax aux-no-sep\">\n                                        <a href=\"https:\/\/www.redemokracia.sk\/volby-2023\/category\/stredo-prave\/demokraticke\/\" title=\"View all posts in demokratick\u00e9\" rel=\"category\" >demokratick\u00e9<\/a>                                    <\/span>\n                                                                                                                                            <\/div>\n                            \n                                                            <div class=\"entry-content\">\n                                                                            <p>\n| SDK\u00da - DS | \n\n\n\nVolebn\u00e9 \u010d\u00edslo 20&nbsp;\n\n\n\nPo\u010det kandid\u00e1tov: 11\n\n\n\n\n\n\n\nprogram nedostupn\u00fd&nbsp;\n\n\n\nViac inform\u00e1ci\u00ed na str\u00e1nke:&nbsp;http:\/\/www.sdkuds.sk\/\n<\/p><div class=\"clear\"><\/div>                                <\/div>\n                                                        \n                            <\/div>\n\n                        <\/article>\n<\/div><div class=\"aux-col post-134\">\n                        <article class=\"post column-entry post-134 type-post status-publish format-standard has-post-thumbnail hentry category-konzervativne category-narodnostne category-politicke-strany category-pravicove category-vlastenecke tag-ekonomika tag-hospodarstvo tag-spravodlivost tag-zmena-zahranicnej-politiky\">\n                                                        <div class=\"entry-media\"><div class=\"aux-media-frame aux-media-image aux-image-mask\"><a href=\"https:\/\/www.redemokracia.sk\/volby-2023\/lsns\/\"><img decoding=\"async\" src=\"https:\/\/www.redemokracia.sk\/volby-2023\/wp-content\/uploads\/2023\/09\/Volby-2023-kotlebovci-ludova-strana-nase-slovensko--320x179.jpg\" class=\"aux-attachment aux-featured-image attachment-320x179.2 aux-attachment-id-721 \" alt=\"Volby-2023-kotlebovci-ludova-strana-nase-slovensko--\" srcset=\"https:\/\/www.redemokracia.sk\/volby-2023\/wp-content\/uploads\/2023\/09\/Volby-2023-kotlebovci-ludova-strana-nase-slovensko--150x84.jpg 150w,https:\/\/www.redemokracia.sk\/volby-2023\/wp-content\/uploads\/2023\/09\/Volby-2023-kotlebovci-ludova-strana-nase-slovensko--300x168.jpg 300w,https:\/\/www.redemokracia.sk\/volby-2023\/wp-content\/uploads\/2023\/09\/Volby-2023-kotlebovci-ludova-strana-nase-slovensko--768x430.jpg 768w,https:\/\/www.redemokracia.sk\/volby-2023\/wp-content\/uploads\/2023\/09\/Volby-2023-kotlebovci-ludova-strana-nase-slovensko--1024x573.jpg 1024w,https:\/\/www.redemokracia.sk\/volby-2023\/wp-content\/uploads\/2023\/09\/Volby-2023-kotlebovci-ludova-strana-nase-slovensko--320x179.jpg 320w,https:\/\/www.redemokracia.sk\/volby-2023\/wp-content\/uploads\/2023\/09\/Volby-2023-kotlebovci-ludova-strana-nase-slovensko--1282x717.jpg 1282w\" data-ratio=\"1.79\" data-original-w=\"1292\" sizes=\"(max-width:479px) 480px,(max-width:767px) 768px,(max-width:1023px) 1024px,320px\" \/><\/a><\/div><\/div>\n                            \n                            <div class=\"entry-main\">\n                                                        \n                                <header class=\"entry-header\">\n                                \n                                    <h4 class=\"entry-title\">\n                                        <a href=\"https:\/\/www.redemokracia.sk\/volby-2023\/lsns\/\">\n                                            Kotlebovci &#8211; \u013dudov\u00e1 strana Na\u0161e Slovensko \u00a0                                        <\/a>\n                                    <\/h4>\n                                                                    <div class=\"entry-format\">\n                                        <a href=\"https:\/\/www.redemokracia.sk\/volby-2023\/lsns\/\">\n                                            <div class=\"post-format format-\"> <\/div>\n                                        <\/a>\n                                    <\/div>\n                                <\/header>\n                                                            \n                                <div class=\"entry-info\">\n                                                                                                                                    <span class=\"entry-tax aux-no-sep\">\n                                        <a href=\"https:\/\/www.redemokracia.sk\/volby-2023\/category\/pravicove\/konzervativne\/\" title=\"View all posts in konzervat\u00edvne\" rel=\"category\" >konzervat\u00edvne<\/a>                                    <\/span>\n                                                                                                                                            <\/div>\n                            \n                                                            <div class=\"entry-content\">\n                                                                            <p>\n| \u013dSNS | \n\n\n\nVolebn\u00e9 \u010d\u00edslo 21&nbsp;\n\n\n\nPo\u010det kandid\u00e1tov: 150\n\n\n\n\n\n\n\nPilierom programu strany je tzv. Desatoro \u013dudovej strany Na\u0161e Slovensko.&nbsp;\n\n\n\n\u013dS Na\u0161e S ...<\/p><div class=\"clear\"><\/div>                                <\/div>\n                                                        \n                            <\/div>\n\n                        <\/article>\n<\/div><div class=\"aux-col post-136\">\n                        <article class=\"post column-entry post-136 type-post status-publish format-standard has-post-thumbnail hentry category-demokraticke category-politicke-strany category-stredo-prave tag-bezpecnost tag-ekonomika tag-hospodarstvo tag-rodina-a-seniori tag-vzdelavanie tag-zdravotnictvo\">\n                                                        <div class=\"entry-media\"><div class=\"aux-media-frame aux-media-image aux-image-mask\"><a href=\"https:\/\/www.redemokracia.sk\/volby-2023\/demokrati\/\"><img decoding=\"async\" src=\"https:\/\/www.redemokracia.sk\/volby-2023\/wp-content\/uploads\/2023\/09\/Volby-2023-demokrati--320x179.jpg\" class=\"aux-attachment aux-featured-image attachment-320x179.2 aux-attachment-id-717 \" alt=\"Volby-2023-demokrati--\" srcset=\"https:\/\/www.redemokracia.sk\/volby-2023\/wp-content\/uploads\/2023\/09\/Volby-2023-demokrati--150x84.jpg 150w,https:\/\/www.redemokracia.sk\/volby-2023\/wp-content\/uploads\/2023\/09\/Volby-2023-demokrati--300x168.jpg 300w,https:\/\/www.redemokracia.sk\/volby-2023\/wp-content\/uploads\/2023\/09\/Volby-2023-demokrati--768x430.jpg 768w,https:\/\/www.redemokracia.sk\/volby-2023\/wp-content\/uploads\/2023\/09\/Volby-2023-demokrati--1024x573.jpg 1024w,https:\/\/www.redemokracia.sk\/volby-2023\/wp-content\/uploads\/2023\/09\/Volby-2023-demokrati--320x179.jpg 320w,https:\/\/www.redemokracia.sk\/volby-2023\/wp-content\/uploads\/2023\/09\/Volby-2023-demokrati--1282x717.jpg 1282w\" data-ratio=\"1.79\" data-original-w=\"1292\" sizes=\"(max-width:479px) 480px,(max-width:767px) 768px,(max-width:1023px) 1024px,320px\" \/><\/a><\/div><\/div>\n                            \n                            <div class=\"entry-main\">\n                                                        \n                                <header class=\"entry-header\">\n                                \n                                    <h4 class=\"entry-title\">\n                                        <a href=\"https:\/\/www.redemokracia.sk\/volby-2023\/demokrati\/\">\n                                            Demokrati\u00a0                                        <\/a>\n                                    <\/h4>\n                                                                    <div class=\"entry-format\">\n                                        <a href=\"https:\/\/www.redemokracia.sk\/volby-2023\/demokrati\/\">\n                                            <div class=\"post-format format-\"> <\/div>\n                                        <\/a>\n                                    <\/div>\n                                <\/header>\n                                                            \n                                <div class=\"entry-info\">\n                                                                                                                                    <span class=\"entry-tax aux-no-sep\">\n                                        <a href=\"https:\/\/www.redemokracia.sk\/volby-2023\/category\/stredo-prave\/demokraticke\/\" title=\"View all posts in demokratick\u00e9\" rel=\"category\" >demokratick\u00e9<\/a>                                    <\/span>\n                                                                                                                                            <\/div>\n                            \n                                                            <div class=\"entry-content\">\n                                                                            <p>\nVolebn\u00e9 \u010d\u00edslo 22&nbsp;\n\n\n\nPo\u010det kandid\u00e1tov: 150\n\n\n\n\n\n\n\nSme Demokrati. Prin\u00e1\u0161ame rie\u0161enia na&nbsp;hlavn\u00fd probl\u00e9m slovenskej politiky, ktor\u00fdm je sebectvo. Sp\u00e1jam ...<\/p><div class=\"clear\"><\/div>                                <\/div>\n                                                        \n                            <\/div>\n\n                        <\/article>\n<\/div><div class=\"aux-col post-138\">\n                        <article class=\"post column-entry post-138 type-post status-publish format-standard has-post-thumbnail hentry category-demokraticke category-konzervativne category-nabozenske category-politicke-hnutia category-pravicove category-stredo-prave tag-ekonomika tag-hospodarstvo tag-rodina-a-seniori tag-vzdelavanie tag-zdravotnictvo\">\n                                                        <div class=\"entry-media\"><div class=\"aux-media-frame aux-media-image aux-image-mask\"><a href=\"https:\/\/www.redemokracia.sk\/volby-2023\/kdh\/\"><img decoding=\"async\" src=\"https:\/\/www.redemokracia.sk\/volby-2023\/wp-content\/uploads\/2023\/09\/Volby-2023-krestansko-demokraticke-hnutie-kdh--320x179.jpg\" class=\"aux-attachment aux-featured-image attachment-320x179.2 aux-attachment-id-722 \" alt=\"Volby-2023-krestansko-demokraticke-hnutie-kdh--\" srcset=\"https:\/\/www.redemokracia.sk\/volby-2023\/wp-content\/uploads\/2023\/09\/Volby-2023-krestansko-demokraticke-hnutie-kdh--150x84.jpg 150w,https:\/\/www.redemokracia.sk\/volby-2023\/wp-content\/uploads\/2023\/09\/Volby-2023-krestansko-demokraticke-hnutie-kdh--300x168.jpg 300w,https:\/\/www.redemokracia.sk\/volby-2023\/wp-content\/uploads\/2023\/09\/Volby-2023-krestansko-demokraticke-hnutie-kdh--768x430.jpg 768w,https:\/\/www.redemokracia.sk\/volby-2023\/wp-content\/uploads\/2023\/09\/Volby-2023-krestansko-demokraticke-hnutie-kdh--1024x573.jpg 1024w,https:\/\/www.redemokracia.sk\/volby-2023\/wp-content\/uploads\/2023\/09\/Volby-2023-krestansko-demokraticke-hnutie-kdh--320x179.jpg 320w,https:\/\/www.redemokracia.sk\/volby-2023\/wp-content\/uploads\/2023\/09\/Volby-2023-krestansko-demokraticke-hnutie-kdh--1282x717.jpg 1282w\" data-ratio=\"1.79\" data-original-w=\"1292\" sizes=\"(max-width:479px) 480px,(max-width:767px) 768px,(max-width:1023px) 1024px,320px\" \/><\/a><\/div><\/div>\n                            \n                            <div class=\"entry-main\">\n                                                        \n                                <header class=\"entry-header\">\n                                \n                                    <h4 class=\"entry-title\">\n                                        <a href=\"https:\/\/www.redemokracia.sk\/volby-2023\/kdh\/\">\n                                            Kres\u0165anskodemokratick\u00e9 hnutie                                        <\/a>\n                                    <\/h4>\n                                                                    <div class=\"entry-format\">\n                                        <a href=\"https:\/\/www.redemokracia.sk\/volby-2023\/kdh\/\">\n                                            <div class=\"post-format format-\"> <\/div>\n                                        <\/a>\n                                    <\/div>\n                                <\/header>\n                                                            \n                                <div class=\"entry-info\">\n                                                                                                                                    <span class=\"entry-tax aux-no-sep\">\n                                        <a href=\"https:\/\/www.redemokracia.sk\/volby-2023\/category\/stredo-prave\/demokraticke\/\" title=\"View all posts in demokratick\u00e9\" rel=\"category\" >demokratick\u00e9<\/a>                                    <\/span>\n                                                                                                                                            <\/div>\n                            \n                                                            <div class=\"entry-content\">\n                                                                            <p>\n| KDH&nbsp;| \n\n\n\nVolebn\u00e9 \u010d\u00edslo 23&nbsp;\n\n\n\nPo\u010det kandid\u00e1tov: 150\n\n\n\n\n\n\n\nSme jasn\u00e1 vo\u013eba pre konzervat\u00edvnych, kres\u0165ansko-demokratick\u00fdch voli\u010dov a v\u0161etk\u00fdch slu\u0161n ...<\/p><div class=\"clear\"><\/div>                                <\/div>\n                                                        \n                            <\/div>\n\n                        <\/article>\n<\/div><div class=\"aux-col post-140\">\n                        <article class=\"post column-entry post-140 type-post status-publish format-standard has-post-thumbnail hentry category-demokraticke category-liberalne category-pokrokove category-politicke-strany category-stredo-prave tag-ekonomika tag-hospodarstvo tag-korupcia tag-spravodlivost\">\n                                                        <div class=\"entry-media\"><div class=\"aux-media-frame aux-media-image aux-image-mask\"><a href=\"https:\/\/www.redemokracia.sk\/volby-2023\/karma\/\"><img decoding=\"async\" src=\"https:\/\/www.redemokracia.sk\/volby-2023\/wp-content\/uploads\/2023\/09\/Volby-2023-karma-1-1-320x179.jpg\" class=\"aux-attachment aux-featured-image attachment-320x179.2 aux-attachment-id-719 \" alt=\"Volby-2023-karma--\" srcset=\"https:\/\/www.redemokracia.sk\/volby-2023\/wp-content\/uploads\/2023\/09\/Volby-2023-karma-1-1-150x84.jpg 150w,https:\/\/www.redemokracia.sk\/volby-2023\/wp-content\/uploads\/2023\/09\/Volby-2023-karma-1-1-300x168.jpg 300w,https:\/\/www.redemokracia.sk\/volby-2023\/wp-content\/uploads\/2023\/09\/Volby-2023-karma-1-1-768x430.jpg 768w,https:\/\/www.redemokracia.sk\/volby-2023\/wp-content\/uploads\/2023\/09\/Volby-2023-karma-1-1-1024x573.jpg 1024w,https:\/\/www.redemokracia.sk\/volby-2023\/wp-content\/uploads\/2023\/09\/Volby-2023-karma-1-1-320x179.jpg 320w,https:\/\/www.redemokracia.sk\/volby-2023\/wp-content\/uploads\/2023\/09\/Volby-2023-karma-1-1-1282x717.jpg 1282w\" data-ratio=\"1.79\" data-original-w=\"1292\" sizes=\"(max-width:479px) 480px,(max-width:767px) 768px,(max-width:1023px) 1024px,320px\" \/><\/a><\/div><\/div>\n                            \n                            <div class=\"entry-main\">\n                                                        \n                                <header class=\"entry-header\">\n                                \n                                    <h4 class=\"entry-title\">\n                                        <a href=\"https:\/\/www.redemokracia.sk\/volby-2023\/karma\/\">\n                                            KARMA\u00a0                                        <\/a>\n                                    <\/h4>\n                                                                    <div class=\"entry-format\">\n                                        <a href=\"https:\/\/www.redemokracia.sk\/volby-2023\/karma\/\">\n                                            <div class=\"post-format format-\"> <\/div>\n                                        <\/a>\n                                    <\/div>\n                                <\/header>\n                                                            \n                                <div class=\"entry-info\">\n                                                                                                                                    <span class=\"entry-tax aux-no-sep\">\n                                        <a href=\"https:\/\/www.redemokracia.sk\/volby-2023\/category\/stredo-prave\/demokraticke\/\" title=\"View all posts in demokratick\u00e9\" rel=\"category\" >demokratick\u00e9<\/a>                                    <\/span>\n                                                                                                                                            <\/div>\n                            \n                                                            <div class=\"entry-content\">\n                                                                            <p>\nVolebn\u00e9 \u010d\u00edslo 24&nbsp;\n\n\n\nPo\u010det kandid\u00e1tov: 17\n\n\n\n\n\n\n\nSpravodlivos\u0165 mus\u00ed fungova\u0165 pre v\u0161etk\u00fdch! Na\u0161i politici dlhodobo toleruj\u00fa korupciu, nepr\u00e1vos\u0165 a chr\u00e1nia s ...<\/p><div class=\"clear\"><\/div>                                <\/div>\n                                                        \n                            <\/div>\n\n                        <\/article>\n<\/div><div class=\"aux-col post-142\">\n                        <article class=\"post column-entry post-142 type-post status-publish format-standard has-post-thumbnail hentry category-konzervativne category-narodnostne category-politicke-hnutia category-pravicove category-vlastenecke tag-bezpecnost tag-ekonomika tag-hospodarstvo tag-korupcia tag-rodina-a-seniori tag-spravodlivost tag-vzdelavanie tag-zdravotnictvo tag-zivotne-prostredie tag-zmena-zahranicnej-politiky\">\n                                                        <div class=\"entry-media\"><div class=\"aux-media-frame aux-media-image aux-image-mask\"><a href=\"https:\/\/www.redemokracia.sk\/volby-2023\/republika\/\"><img decoding=\"async\" src=\"https:\/\/www.redemokracia.sk\/volby-2023\/wp-content\/uploads\/2023\/09\/Volby-2023-republika-1-1-320x179.jpg\" class=\"aux-attachment aux-featured-image attachment-320x179.2 aux-attachment-id-714 \" alt=\"Volby-2023-republika--\" srcset=\"https:\/\/www.redemokracia.sk\/volby-2023\/wp-content\/uploads\/2023\/09\/Volby-2023-republika-1-1-150x84.jpg 150w,https:\/\/www.redemokracia.sk\/volby-2023\/wp-content\/uploads\/2023\/09\/Volby-2023-republika-1-1-300x168.jpg 300w,https:\/\/www.redemokracia.sk\/volby-2023\/wp-content\/uploads\/2023\/09\/Volby-2023-republika-1-1-768x430.jpg 768w,https:\/\/www.redemokracia.sk\/volby-2023\/wp-content\/uploads\/2023\/09\/Volby-2023-republika-1-1-1024x573.jpg 1024w,https:\/\/www.redemokracia.sk\/volby-2023\/wp-content\/uploads\/2023\/09\/Volby-2023-republika-1-1-320x179.jpg 320w,https:\/\/www.redemokracia.sk\/volby-2023\/wp-content\/uploads\/2023\/09\/Volby-2023-republika-1-1-1282x717.jpg 1282w\" data-ratio=\"1.79\" data-original-w=\"1292\" sizes=\"(max-width:479px) 480px,(max-width:767px) 768px,(max-width:1023px) 1024px,320px\" \/><\/a><\/div><\/div>\n                            \n                            <div class=\"entry-main\">\n                                                        \n                                <header class=\"entry-header\">\n                                \n                                    <h4 class=\"entry-title\">\n                                        <a href=\"https:\/\/www.redemokracia.sk\/volby-2023\/republika\/\">\n                                            REPUBLIKA\u00a0                                        <\/a>\n                                    <\/h4>\n                                                                    <div class=\"entry-format\">\n                                        <a href=\"https:\/\/www.redemokracia.sk\/volby-2023\/republika\/\">\n                                            <div class=\"post-format format-\"> <\/div>\n                                        <\/a>\n                                    <\/div>\n                                <\/header>\n                                                            \n                                <div class=\"entry-info\">\n                                                                                                                                    <span class=\"entry-tax aux-no-sep\">\n                                        <a href=\"https:\/\/www.redemokracia.sk\/volby-2023\/category\/pravicove\/konzervativne\/\" title=\"View all posts in konzervat\u00edvne\" rel=\"category\" >konzervat\u00edvne<\/a>                                    <\/span>\n                                                                                                                                            <\/div>\n                            \n                                                            <div class=\"entry-content\">\n                                                                            <p>\nVolebn\u00e9 \u010d\u00edslo 25&nbsp;\n\n\n\nPo\u010det kandid\u00e1tov: 150\n\n\n\n\n\n\n\nPolitick\u00e9 hnutie REPUBLIKA sa hl\u00e1si k Cyrilo-metodskej trad\u00edcii a k demokratick\u00e9mu zriadeniu zakotven\u00e9mu ...<\/p><div class=\"clear\"><\/div>                                <\/div>\n                                                        \n                            <\/div>\n\n                        <\/article>\n<\/div><\/div><\/section><!-- widget-container -->\t\t<\/div>\n\t\t\t\t<\/div>\n\t\t\t\t\t<\/div>\n\t\t<\/div>\n\t\t\t\t\t\t\t<\/div>\n\t\t<\/section>\n\t\t\t\t\t\t\t<\/div>\n\t\t","protected":false},"excerpt":{"rendered":"<p>Preh\u013ead kandiduj\u00facich str\u00e1n a hnut\u00ed v Pred\u010dasn\u00fdch parlamentn\u00fdch vo\u013eb\u00e1ch\u00a0do N\u00e1rodnej rady Slovenskej republiky 30. septembra 2023 #rovnostsanci Pir\u00e1tska strana &#8211; Slovensko liber\u00e1lne | Edit | Pir\u00e1ti | Volebn\u00e9 \u010d\u00edslo 1&nbsp; Po\u010det kandid\u00e1tov: 60 Depolitiz\u00e1ciu m\u00e1me v programe a urob\u00edme to! 1. Znemo\u017en\u00edme politikom dosadzovanie svojic &#8230; PRINC\u00cdP demokratick\u00e9 | Edit Volebn\u00e9 \u010d\u00edslo 2&nbsp; Po\u010det kandid\u00e1tov: [&hellip;]<\/p>\n","protected":false},"author":1,"featured_media":676,"parent":0,"menu_order":0,"comment_status":"closed","ping_status":"closed","template":"","meta":{"_monsterinsights_skip_tracking":false,"_monsterinsights_sitenote_active":false,"_monsterinsights_sitenote_note":"","_monsterinsights_sitenote_category":0},"yoast_head":"<!-- This site is optimized with the Yoast SEO plugin v21.1 - https:\/\/yoast.com\/wordpress\/plugins\/seo\/ -->\n<title>Vo\u013eby 2023 - redemokracia<\/title>\n<meta name=\"robots\" content=\"index, follow, max-snippet:-1, max-image-preview:large, max-video-preview:-1\" \/>\n<link rel=\"canonical\" href=\"https:\/\/www.redemokracia.sk\/volby-2023\/\" \/>\n<meta property=\"og:locale\" content=\"sk_SK\" \/>\n<meta property=\"og:type\" content=\"article\" \/>\n<meta property=\"og:title\" content=\"Vo\u013eby 2023 - redemokracia\" \/>\n<meta property=\"og:description\" content=\"Preh\u013ead kandiduj\u00facich str\u00e1n a hnut\u00ed v Pred\u010dasn\u00fdch parlamentn\u00fdch vo\u013eb\u00e1ch\u00a0do N\u00e1rodnej rady Slovenskej republiky 30. septembra 2023 #rovnostsanci Pir\u00e1tska strana &#8211; Slovensko liber\u00e1lne | Edit | Pir\u00e1ti | Volebn\u00e9 \u010d\u00edslo 1&nbsp; Po\u010det kandid\u00e1tov: 60 Depolitiz\u00e1ciu m\u00e1me v programe a urob\u00edme to! 1. Znemo\u017en\u00edme politikom dosadzovanie svojic &#8230; PRINC\u00cdP demokratick\u00e9 | Edit Volebn\u00e9 \u010d\u00edslo 2&nbsp; Po\u010det kandid\u00e1tov: [&hellip;]\" \/>\n<meta property=\"og:url\" content=\"https:\/\/www.redemokracia.sk\/volby-2023\/\" \/>\n<meta property=\"og:site_name\" content=\"redemokracia\" \/>\n<meta property=\"article:modified_time\" content=\"2023-09-10T22:00:33+00:00\" \/>\n<meta property=\"og:image\" content=\"https:\/\/www.redemokracia.sk\/volby-2023\/wp-content\/uploads\/2023\/09\/re-demokracia-volby-SR-NR-2023-.jpg\" \/>\n\t<meta property=\"og:image:width\" content=\"1280\" \/>\n\t<meta property=\"og:image:height\" content=\"852\" \/>\n\t<meta property=\"og:image:type\" content=\"image\/jpeg\" \/>\n<meta name=\"twitter:card\" content=\"summary_large_image\" \/>\n<meta name=\"twitter:label1\" content=\"Predpokladan\u00fd \u010das \u010d\u00edtania\" \/>\n\t<meta name=\"twitter:data1\" content=\"9 min\u00fat\" \/>\n<script type=\"application\/ld+json\" class=\"yoast-schema-graph\">{\"@context\":\"https:\/\/schema.org\",\"@graph\":[{\"@type\":\"WebPage\",\"@id\":\"https:\/\/www.redemokracia.sk\/volby-2023\/\",\"url\":\"https:\/\/www.redemokracia.sk\/volby-2023\/\",\"name\":\"Vo\u013eby 2023 - redemokracia\",\"isPartOf\":{\"@id\":\"https:\/\/www.redemokracia.sk\/volby-2023\/#website\"},\"datePublished\":\"2023-09-06T19:54:37+00:00\",\"dateModified\":\"2023-09-10T22:00:33+00:00\",\"breadcrumb\":{\"@id\":\"https:\/\/www.redemokracia.sk\/volby-2023\/#breadcrumb\"},\"inLanguage\":\"sk-SK\",\"potentialAction\":[{\"@type\":\"ReadAction\",\"target\":[\"https:\/\/www.redemokracia.sk\/volby-2023\/\"]}]},{\"@type\":\"BreadcrumbList\",\"@id\":\"https:\/\/www.redemokracia.sk\/volby-2023\/#breadcrumb\",\"itemListElement\":[{\"@type\":\"ListItem\",\"position\":1,\"name\":\"Home\",\"item\":\"https:\/\/www.redemokracia.sk\/volby-2023\/\"},{\"@type\":\"ListItem\",\"position\":2,\"name\":\"Vo\u013eby 2023\"}]},{\"@type\":\"WebSite\",\"@id\":\"https:\/\/www.redemokracia.sk\/volby-2023\/#website\",\"url\":\"https:\/\/www.redemokracia.sk\/volby-2023\/\",\"name\":\"redemokracia\",\"description\":\"\",\"potentialAction\":[{\"@type\":\"SearchAction\",\"target\":{\"@type\":\"EntryPoint\",\"urlTemplate\":\"https:\/\/www.redemokracia.sk\/volby-2023\/?s={search_term_string}\"},\"query-input\":\"required name=search_term_string\"}],\"inLanguage\":\"sk-SK\"}]}<\/script>\n<!-- \/ Yoast SEO plugin. -->","yoast_head_json":{"title":"Vo\u013eby 2023 - redemokracia","robots":{"index":"index","follow":"follow","max-snippet":"max-snippet:-1","max-image-preview":"max-image-preview:large","max-video-preview":"max-video-preview:-1"},"canonical":"https:\/\/www.redemokracia.sk\/volby-2023\/","og_locale":"sk_SK","og_type":"article","og_title":"Vo\u013eby 2023 - redemokracia","og_description":"Preh\u013ead kandiduj\u00facich str\u00e1n a hnut\u00ed v Pred\u010dasn\u00fdch parlamentn\u00fdch vo\u013eb\u00e1ch\u00a0do N\u00e1rodnej rady Slovenskej republiky 30. septembra 2023 #rovnostsanci Pir\u00e1tska strana &#8211; Slovensko liber\u00e1lne | Edit | Pir\u00e1ti | Volebn\u00e9 \u010d\u00edslo 1&nbsp; Po\u010det kandid\u00e1tov: 60 Depolitiz\u00e1ciu m\u00e1me v programe a urob\u00edme to! 1. Znemo\u017en\u00edme politikom dosadzovanie svojic &#8230; PRINC\u00cdP demokratick\u00e9 | Edit Volebn\u00e9 \u010d\u00edslo 2&nbsp; Po\u010det kandid\u00e1tov: [&hellip;]","og_url":"https:\/\/www.redemokracia.sk\/volby-2023\/","og_site_name":"redemokracia","article_modified_time":"2023-09-10T22:00:33+00:00","og_image":[{"width":1280,"height":852,"url":"https:\/\/www.redemokracia.sk\/volby-2023\/wp-content\/uploads\/2023\/09\/re-demokracia-volby-SR-NR-2023-.jpg","type":"image\/jpeg"}],"twitter_card":"summary_large_image","twitter_misc":{"Predpokladan\u00fd \u010das \u010d\u00edtania":"9 min\u00fat"},"schema":{"@context":"https:\/\/schema.org","@graph":[{"@type":"WebPage","@id":"https:\/\/www.redemokracia.sk\/volby-2023\/","url":"https:\/\/www.redemokracia.sk\/volby-2023\/","name":"Vo\u013eby 2023 - redemokracia","isPartOf":{"@id":"https:\/\/www.redemokracia.sk\/volby-2023\/#website"},"datePublished":"2023-09-06T19:54:37+00:00","dateModified":"2023-09-10T22:00:33+00:00","breadcrumb":{"@id":"https:\/\/www.redemokracia.sk\/volby-2023\/#breadcrumb"},"inLanguage":"sk-SK","potentialAction":[{"@type":"ReadAction","target":["https:\/\/www.redemokracia.sk\/volby-2023\/"]}]},{"@type":"BreadcrumbList","@id":"https:\/\/www.redemokracia.sk\/volby-2023\/#breadcrumb","itemListElement":[{"@type":"ListItem","position":1,"name":"Home","item":"https:\/\/www.redemokracia.sk\/volby-2023\/"},{"@type":"ListItem","position":2,"name":"Vo\u013eby 2023"}]},{"@type":"WebSite","@id":"https:\/\/www.redemokracia.sk\/volby-2023\/#website","url":"https:\/\/www.redemokracia.sk\/volby-2023\/","name":"redemokracia","description":"","potentialAction":[{"@type":"SearchAction","target":{"@type":"EntryPoint","urlTemplate":"https:\/\/www.redemokracia.sk\/volby-2023\/?s={search_term_string}"},"query-input":"required name=search_term_string"}],"inLanguage":"sk-SK"}]}},"_links":{"self":[{"href":"https:\/\/www.redemokracia.sk\/volby-2023\/wp-json\/wp\/v2\/pages\/9"}],"collection":[{"href":"https:\/\/www.redemokracia.sk\/volby-2023\/wp-json\/wp\/v2\/pages"}],"about":[{"href":"https:\/\/www.redemokracia.sk\/volby-2023\/wp-json\/wp\/v2\/types\/page"}],"author":[{"embeddable":true,"href":"https:\/\/www.redemokracia.sk\/volby-2023\/wp-json\/wp\/v2\/users\/1"}],"replies":[{"embeddable":true,"href":"https:\/\/www.redemokracia.sk\/volby-2023\/wp-json\/wp\/v2\/comments?post=9"}],"version-history":[{"count":6,"href":"https:\/\/www.redemokracia.sk\/volby-2023\/wp-json\/wp\/v2\/pages\/9\/revisions"}],"predecessor-version":[{"id":757,"href":"https:\/\/www.redemokracia.sk\/volby-2023\/wp-json\/wp\/v2\/pages\/9\/revisions\/757"}],"wp:featuredmedia":[{"embeddable":true,"href":"https:\/\/www.redemokracia.sk\/volby-2023\/wp-json\/wp\/v2\/media\/676"}],"wp:attachment":[{"href":"https:\/\/www.redemokracia.sk\/volby-2023\/wp-json\/wp\/v2\/media?parent=9"}],"curies":[{"name":"wp","href":"https:\/\/api.w.org\/{rel}","templated":true}]}}